{"id":43333,"date":"2025-10-30T14:39:30","date_gmt":"2025-10-30T13:39:30","guid":{"rendered":"https:\/\/starforlife.org\/varfor-bli-partner\/"},"modified":"2026-02-04T17:07:59","modified_gmt":"2026-02-04T16:07:59","slug":"varfor-bli-partner","status":"publish","type":"page","link":"https:\/\/starforlife.org\/sv\/varfor-bli-partner\/","title":{"rendered":"Varf\u00f6r bli partner?"},"content":{"rendered":"<p>[et_pb_section fb_built=&#8221;1&#8243; _builder_version=&#8221;4.27.4&#8243; _module_preset=&#8221;default&#8221; background_color=&#8221;rgba(0,0,0,0.22)&#8221; background_image=&#8221;https:\/\/starforlife.org\/wp-content\/uploads\/2025\/10\/ml-1.avif&#8221; background_position=&#8221;top_center&#8221; background_vertical_offset=&#8221;37%&#8221; background_blend=&#8221;multiply&#8221; custom_margin=&#8221;||||false|false&#8221; custom_padding=&#8221;9%||9%||false|false&#8221; locked=&#8221;off&#8221; global_colors_info=&#8221;{}&#8221;][et_pb_row _builder_version=&#8221;4.27.4&#8243; _module_preset=&#8221;default&#8221; width_tablet=&#8221;90%&#8221; width_phone=&#8221;90%&#8221; width_last_edited=&#8221;on|tablet&#8221; max_width=&#8221;1290px&#8221; global_colors_info=&#8221;{}&#8221;][et_pb_column type=&#8221;4_4&#8243; _builder_version=&#8221;4.27.4&#8243; _module_preset=&#8221;default&#8221; global_colors_info=&#8221;{}&#8221;][et_pb_heading title=&#8221;Partnerskap som g\u00f6r skillnad&#8221; _builder_version=&#8221;4.27.4&#8243; _module_preset=&#8221;default&#8221; title_text_align=&#8221;center&#8221; title_text_color=&#8221;#FFFFFF&#8221; title_font_size=&#8221;40px&#8221; title_line_height=&#8221;1.3em&#8221; width=&#8221;43%&#8221; module_alignment=&#8221;center&#8221; title_font_size_tablet=&#8221;35px&#8221; title_font_size_phone=&#8221;30px&#8221; title_font_size_last_edited=&#8221;on|desktop&#8221; global_colors_info=&#8221;{}&#8221;][\/et_pb_heading][et_pb_button button_url=&#8221;https:\/\/starforlife.org\/sv\/skol-halsoprogrammet\/&#8221; button_text=&#8221;L\u00e4s mer om v\u00e5rt program&#8221; button_alignment=&#8221;center&#8221; button_alignment_tablet=&#8221;center&#8221; button_alignment_phone=&#8221;center&#8221; button_alignment_last_edited=&#8221;on|phone&#8221; _builder_version=&#8221;4.27.4&#8243; _module_preset=&#8221;default&#8221; custom_button=&#8221;on&#8221; button_text_size=&#8221;16px&#8221; button_text_color=&#8221;#FFFFFF&#8221; button_bg_color=&#8221;#DD1C1B&#8221; button_border_radius=&#8221;30px&#8221; button_font=&#8221;|300|||||||&#8221; button_use_icon=&#8221;off&#8221; global_colors_info=&#8221;{}&#8221; button_bg_color__hover_enabled=&#8221;on|hover&#8221; button_bg_color__hover=&#8221;#000000&#8243; button_bg_enable_color__hover=&#8221;on&#8221;][\/et_pb_button][\/et_pb_column][\/et_pb_row][\/et_pb_section][et_pb_section fb_built=&#8221;1&#8243; _builder_version=&#8221;4.27.4&#8243; _module_preset=&#8221;default&#8221; custom_padding=&#8221;||40px||false|false&#8221; locked=&#8221;off&#8221; global_colors_info=&#8221;{}&#8221; background_color=&#8221;#fdf4f4&#8243;][et_pb_row column_structure=&#8221;1_2,1_2&#8243; make_equal=&#8221;on&#8221; custom_padding_last_edited=&#8221;on|tablet&#8221; _builder_version=&#8221;4.27.5&#8243; _module_preset=&#8221;default&#8221; width=&#8221;85%&#8221; width_tablet=&#8221;90%&#8221; width_phone=&#8221;90%&#8221; width_last_edited=&#8221;on|phone&#8221; max_width=&#8221;1290px&#8221; custom_padding=&#8221;||||false|false&#8221; custom_padding_tablet=&#8221;0px||||false|false&#8221; custom_padding_phone=&#8221;0px||||false|false&#8221; hover_enabled=&#8221;0&#8243; global_colors_info=&#8221;{}&#8221; sticky_enabled=&#8221;0&#8243;][et_pb_column type=&#8221;1_2&#8243; _builder_version=&#8221;4.27.4&#8243; _module_preset=&#8221;default&#8221; custom_padding_tablet=&#8221;0px||||false|false&#8221; custom_padding_phone=&#8221;0px||||false|false&#8221; custom_padding_last_edited=&#8221;on|tablet&#8221; global_colors_info=&#8221;{}&#8221;][et_pb_heading title=&#8221;Varf\u00f6r bli partner?&#8221; _builder_version=&#8221;4.27.4&#8243; _module_preset=&#8221;default&#8221; title_font=&#8221;|300|||||||&#8221; custom_margin=&#8221;20px||0px||false|false&#8221; custom_margin_tablet=&#8221;0px||0px||false|false&#8221; custom_margin_phone=&#8221;0px||0px||false|false&#8221; custom_margin_last_edited=&#8221;on|tablet&#8221; title_font_size_tablet=&#8221;35px&#8221; title_font_size_phone=&#8221;30px&#8221; title_font_size_last_edited=&#8221;on|phone&#8221; global_colors_info=&#8221;{}&#8221;][\/et_pb_heading][et_pb_text _builder_version=&#8221;4.27.5&#8243; _module_preset=&#8221;default&#8221; text_text_color=&#8221;#000000&#8243; text_font_size=&#8221;20px&#8221; text_line_height=&#8221;1.5em&#8221; header_2_font=&#8221;|300|||||||&#8221; width=&#8221;100%&#8221; width_tablet=&#8221;100%&#8221; width_phone=&#8221;100%&#8221; width_last_edited=&#8221;on|tablet&#8221; max_width=&#8221;1290px&#8221; module_alignment=&#8221;left&#8221; custom_margin=&#8221;||25px||false|false&#8221; text_font_size_tablet=&#8221;20px&#8221; text_font_size_phone=&#8221;18px&#8221; text_font_size_last_edited=&#8221;on|phone&#8221; global_colors_info=&#8221;{}&#8221;]<\/p>\n<p>V\u00e5rt arbete f\u00f6r barn och unga \u00e4r bara m\u00f6jligt genom att f\u00f6retag, familjer och organisationer v\u00e4ljer att st\u00f6tta oss som partners.<\/p>\n<p>[\/et_pb_text][et_pb_text _builder_version=&#8221;4.27.5&#8243; _module_preset=&#8221;default&#8221; text_text_color=&#8221;#676767&#8243; text_font_size=&#8221;16px&#8221; text_line_height=&#8221;1.6em&#8221; header_2_font=&#8221;|300|||||||&#8221; header_2_text_color=&#8221;#000000&#8243; header_2_font_size=&#8221;25px&#8221; custom_margin=&#8221;30px||30px||false|false&#8221; custom_margin_tablet=&#8221;||40px||false|false&#8221; custom_margin_phone=&#8221;||40px||false|false&#8221; custom_margin_last_edited=&#8221;on|tablet&#8221; header_2_font_size_phone=&#8221;23px&#8221; header_2_font_size_last_edited=&#8221;off|desktop&#8221; header_2_line_height_tablet=&#8221;&#8221; header_2_line_height_phone=&#8221;1.3em&#8221; header_2_line_height_last_edited=&#8221;on|phone&#8221; global_colors_info=&#8221;{}&#8221;]<\/p>\n<p>P\u00e5 s\u00e5 vis g\u00f6r ni v\u00e4rlden b\u00e4ttre, m\u00f6jligg\u00f6r dr\u00f6mmar och visar p\u00e5 ert engagemang b\u00e5de internt och externt. Samtidigt f\u00e5r ni tillg\u00e5ng till ett stort kontaktn\u00e4t med m\u00f6jliga samarbeten, bes\u00f6k p\u00e5 plats i verksamheten och rapporter och h\u00e4lsningar fr\u00e5n er skola, klubb eller klinik.\u00a0<\/p>\n<p>Star for Life har idag verksamhet i Sydafrika, Namibia och Tanzania. Som partner till Star for Life kan ni s\u00e5klart sj\u00e4lva v\u00e4lja om ni vill rikta ert st\u00f6d till n\u00e5got s\u00e4rskilt land och\/eller projekt som ligger er extra varmt om hj\u00e4rtat. L\u00e4s g\u00e4rna mer om v\u00e5r ekonomi och hur vi arbetar med FN:s globala h\u00e5llbarhetsm\u00e5l. I Star for Life tar vi hand om b\u00e5de ungdomarna vi hj\u00e4lper och v\u00e5ra partners som g\u00f6r detta m\u00f6jligt.<\/p>\n<p>[\/et_pb_text][\/et_pb_column][et_pb_column type=&#8221;1_2&#8243; _builder_version=&#8221;4.27.5&#8243; _module_preset=&#8221;default&#8221; background_color=&#8221;rgba(255,255,255,0.6)&#8221; background_image=&#8221;https:\/\/starforlife.org\/wp-content\/uploads\/2025\/10\/sa.webp&#8221; background_position=&#8221;bottom_center&#8221; custom_padding=&#8221;13%||13%||false|false&#8221; hover_enabled=&#8221;0&#8243; border_radii=&#8221;on|30px|30px|30px|30px&#8221; global_colors_info=&#8221;{}&#8221; title_text=&#8221;sa&#8221; sticky_enabled=&#8221;0&#8243;][et_pb_divider show_divider=&#8221;off&#8221; _builder_version=&#8221;4.27.4&#8243; _module_preset=&#8221;default&#8221; custom_padding_tablet=&#8221;30%||30%||false|false&#8221; custom_padding_phone=&#8221;40%||40%||false|false&#8221; custom_padding_last_edited=&#8221;on|tablet&#8221; global_colors_info=&#8221;{}&#8221;][\/et_pb_divider][\/et_pb_column][\/et_pb_row][\/et_pb_section][et_pb_section fb_built=&#8221;1&#8243; _builder_version=&#8221;4.23.4&#8243; _module_preset=&#8221;default&#8221; custom_padding=&#8221;||40px||false|false&#8221; locked=&#8221;off&#8221; global_colors_info=&#8221;{}&#8221; background_color=&#8221;#fdf4f4&#8243;][et_pb_row use_custom_gutter=&#8221;on&#8221; _builder_version=&#8221;4.27.5&#8243; _module_preset=&#8221;default&#8221; width=&#8221;90%&#8221; max_width=&#8221;1280px&#8221; custom_margin=&#8221;||0px||false|false&#8221; custom_padding=&#8221;0px||10px||false|false&#8221; global_colors_info=&#8221;{}&#8221; column_structure=&#8221;1_2,1_2&#8243;][et_pb_column type=&#8221;1_2&#8243; _builder_version=&#8221;4.22.0&#8243; _module_preset=&#8221;default&#8221; global_colors_info=&#8221;{}&#8221;][et_pb_heading title=&#8221;Kontakta oss&#8221; _builder_version=&#8221;4.27.5&#8243; _module_preset=&#8221;default&#8221; title_font=&#8221;|300|||||||&#8221; custom_margin=&#8221;||0px||false|false&#8221; custom_margin_tablet=&#8221;0px||0px||false|false&#8221; custom_margin_phone=&#8221;0px||0px||false|false&#8221; custom_margin_last_edited=&#8221;on|tablet&#8221; hover_enabled=&#8221;0&#8243; title_font_size_tablet=&#8221;&#8221; title_font_size_phone=&#8221;30px&#8221; title_font_size_last_edited=&#8221;on|phone&#8221; global_colors_info=&#8221;{}&#8221; title_level=&#8221;h2&#8243; sticky_enabled=&#8221;0&#8243;][\/et_pb_heading][et_pb_text _builder_version=&#8221;4.27.5&#8243; _module_preset=&#8221;default&#8221; text_text_color=&#8221;#000000&#8243; text_font_size=&#8221;20px&#8221; text_line_height=&#8221;1.5em&#8221; header_2_font=&#8221;|300|||||||&#8221; width=&#8221;100%&#8221; width_tablet=&#8221;90%&#8221; width_phone=&#8221;100%&#8221; width_last_edited=&#8221;on|tablet&#8221; max_width=&#8221;1290px&#8221; module_alignment=&#8221;left&#8221; custom_margin=&#8221;||25px||false|false&#8221; hover_enabled=&#8221;0&#8243; text_font_size_tablet=&#8221;20px&#8221; text_font_size_phone=&#8221;18px&#8221; text_font_size_last_edited=&#8221;on|phone&#8221; global_colors_info=&#8221;{}&#8221; sticky_enabled=&#8221;0&#8243;]Kontakta g\u00e4rna Anna Willix, J\u00f8rgen Klafstad eller Susanne Haumann f\u00f6r att utforska vilken typ av partnerskap som skulle passa ert f\u00f6retag b\u00e4st.[\/et_pb_text][\/et_pb_column][et_pb_column type=&#8221;1_2&#8243; _builder_version=&#8221;4.27.5&#8243; _module_preset=&#8221;default&#8221; global_colors_info=&#8221;{}&#8221; disabled_on=&#8221;on|on|on&#8221; disabled=&#8221;on&#8221;][\/et_pb_column][\/et_pb_row][et_pb_row column_structure=&#8221;1_4,1_4,1_4,1_4&#8243; use_custom_gutter=&#8221;on&#8221; gutter_width=&#8221;2&#8243; custom_padding_last_edited=&#8221;on|desktop&#8221; _builder_version=&#8221;4.27.5&#8243; _module_preset=&#8221;default&#8221; width=&#8221;90%&#8221; max_width=&#8221;1280px&#8221; custom_margin=&#8221;||0px||false|false&#8221; custom_padding=&#8221;10px||40px||false|false&#8221; custom_padding_tablet=&#8221;10px||40px||false|false&#8221; custom_padding_phone=&#8221;10px||40px||false|false&#8221; hover_enabled=&#8221;0&#8243; global_colors_info=&#8221;{}&#8221; sticky_enabled=&#8221;0&#8243;][et_pb_column type=&#8221;1_4&#8243; _builder_version=&#8221;4.22.0&#8243; _module_preset=&#8221;default&#8221; global_colors_info=&#8221;{}&#8221;][et_pb_image src=&#8221;https:\/\/starforlife.org\/wp-content\/uploads\/2024\/04\/anna-willix-scaled.webp&#8221; title_text=&#8221;anna-willix&#8221; show_bottom_space=&#8221;off&#8221; _builder_version=&#8221;4.27.4&#8243; _module_preset=&#8221;default&#8221; custom_margin=&#8221;||15px||false|false&#8221; border_radii=&#8221;on|20px|20px|20px|20px&#8221; global_colors_info=&#8221;{}&#8221; locked=&#8221;off&#8221;][\/et_pb_image][et_pb_text _builder_version=&#8221;4.27.5&#8243; _module_preset=&#8221;default&#8221; text_text_color=&#8221;#000000&#8243; text_font_size=&#8221;16px&#8221; link_font=&#8221;||||on|||#DD1C1B|&#8221; link_text_color=&#8221;#DD1C1B&#8221; header_4_text_color=&#8221;#000000&#8243; header_4_font_size=&#8221;16px&#8221; custom_margin_tablet=&#8221;&#8221; global_colors_info=&#8221;{}&#8221; custom_css_before__hover_enabled=&#8221;off|desktop&#8221; locked=&#8221;off&#8221; hover_enabled=&#8221;0&#8243; sticky_enabled=&#8221;0&#8243; custom_margin_last_edited=&#8221;on|phone&#8221; custom_margin_phone=&#8221;||30px||false|false&#8221;]<\/p>\n<h4>Anna Willix<\/h4>\n<p><em>Fundraising Manager<br \/>Star for Life Insamlingsstiftelse<\/em><\/p>\n<p><a href=\"mailto:anna@starforlife.se\">anna@starforlife.se<\/a><br \/>+46 (0)76 168 27 68<\/p>\n<p>[\/et_pb_text][\/et_pb_column][et_pb_column type=&#8221;1_4&#8243; _builder_version=&#8221;4.22.0&#8243; _module_preset=&#8221;default&#8221; global_colors_info=&#8221;{}&#8221;][et_pb_image src=&#8221;https:\/\/starforlife.org\/wp-content\/uploads\/2021\/08\/Jorgen.jpg&#8221; title_text=&#8221;Jorgen&#8221; show_bottom_space=&#8221;off&#8221; _builder_version=&#8221;4.27.4&#8243; _module_preset=&#8221;default&#8221; custom_margin=&#8221;||15px||false|false&#8221; border_radii=&#8221;on|20px|20px|20px|20px&#8221; global_colors_info=&#8221;{}&#8221; locked=&#8221;off&#8221;][\/et_pb_image][et_pb_text _builder_version=&#8221;4.27.5&#8243; _module_preset=&#8221;default&#8221; text_text_color=&#8221;#000000&#8243; text_font_size=&#8221;16px&#8221; link_font=&#8221;||||on|||#DD1C1B|&#8221; link_text_color=&#8221;#DD1C1B&#8221; header_4_text_color=&#8221;#000000&#8243; header_4_font_size=&#8221;16px&#8221; custom_margin_tablet=&#8221;&#8221; custom_margin_phone=&#8221;||30px||false|false&#8221; custom_margin_last_edited=&#8221;on|phone&#8221; hover_enabled=&#8221;0&#8243; global_colors_info=&#8221;{}&#8221; custom_css_before__hover_enabled=&#8221;off|desktop&#8221; locked=&#8221;off&#8221; sticky_enabled=&#8221;0&#8243;]<\/p>\n<h4>J\u00f8rgen Klafstad<\/h4>\n<p><em>Country Director<br \/>SfL Norway<\/em><\/p>\n<p><a href=\"mailto:jorgen@starforlife.org\">jorgen@starforlife.org<\/a><br \/>+47 (0)91 698 342<\/p>\n<p>[\/et_pb_text][\/et_pb_column][et_pb_column type=&#8221;1_4&#8243; _builder_version=&#8221;4.22.0&#8243; _module_preset=&#8221;default&#8221; global_colors_info=&#8221;{}&#8221;][et_pb_image src=&#8221;https:\/\/starforlife.org\/wp-content\/uploads\/2024\/10\/Susanne-Haumann-5-scaled.webp&#8221; title_text=&#8221;Susanne-Haumann-5&#8243; _builder_version=&#8221;4.27.5&#8243; _module_preset=&#8221;default&#8221; custom_margin=&#8221;||15px||false|false&#8221; border_radii=&#8221;on|20px|20px|20px|20px&#8221; global_colors_info=&#8221;{}&#8221;][\/et_pb_image][et_pb_text _builder_version=&#8221;4.27.5&#8243; _module_preset=&#8221;default&#8221; text_text_color=&#8221;#000000&#8243; text_font_size=&#8221;16px&#8221; link_font=&#8221;||||on|||#DD1C1B|&#8221; link_text_color=&#8221;#DD1C1B&#8221; header_4_text_color=&#8221;#000000&#8243; header_4_font_size=&#8221;16px&#8221; global_colors_info=&#8221;{}&#8221; custom_css_before__hover_enabled=&#8221;off|desktop&#8221; sticky_enabled=&#8221;0&#8243; hover_enabled=&#8221;0&#8243;]<\/p>\n<h4>Susanne Haumann<\/h4>\n<p><em>Country Director<br \/>SfL Germany<\/em><\/p>\n<p><a href=\"mailto:susanne.haumann@starforlife.de\">susanne.haumann@starforlife.de<\/a><br \/><span>+49 (0)1752 440 000<\/span><\/p>\n<p>[\/et_pb_text][\/et_pb_column][et_pb_column type=&#8221;1_4&#8243; _builder_version=&#8221;4.27.5&#8243; _module_preset=&#8221;default&#8221; hover_enabled=&#8221;0&#8243; global_colors_info=&#8221;{}&#8221; disabled_on=&#8221;on|on|on&#8221; disabled=&#8221;on&#8221; sticky_enabled=&#8221;0&#8243;][\/et_pb_column][\/et_pb_row][\/et_pb_section][et_pb_section fb_built=&#8221;1&#8243; _builder_version=&#8221;4.27.4&#8243; _module_preset=&#8221;default&#8221; background_color=&#8221;#fdf4f4&#8243; custom_padding=&#8221;40px||80px||false|false&#8221; locked=&#8221;off&#8221; global_colors_info=&#8221;{}&#8221;][et_pb_row custom_padding_last_edited=&#8221;off|desktop&#8221; _builder_version=&#8221;4.27.5&#8243; _module_preset=&#8221;default&#8221; width=&#8221;85%&#8221; max_width=&#8221;1290px&#8221; custom_margin=&#8221;||0px||false|false&#8221; custom_padding=&#8221;||||false|false&#8221; custom_padding_tablet=&#8221;||40px|||&#8221; custom_padding_phone=&#8221;0px||20px||false|false&#8221; hover_enabled=&#8221;0&#8243; global_colors_info=&#8221;{}&#8221; sticky_enabled=&#8221;0&#8243;][et_pb_column type=&#8221;4_4&#8243; _builder_version=&#8221;4.22.0&#8243; _module_preset=&#8221;default&#8221; global_colors_info=&#8221;{}&#8221;][et_pb_heading title=&#8221;V\u00e5ra partnerskap&#8221; _builder_version=&#8221;4.27.5&#8243; _module_preset=&#8221;default&#8221; title_level=&#8221;h2&#8243; title_font=&#8221;|300|||||||&#8221; custom_margin=&#8221;||0px||false|false&#8221; custom_margin_tablet=&#8221;||0px||false|false&#8221; custom_margin_phone=&#8221;0px||0px||false|false&#8221; custom_margin_last_edited=&#8221;on|tablet&#8221; hover_enabled=&#8221;0&#8243; title_font_size_tablet=&#8221;&#8221; title_font_size_phone=&#8221;30px&#8221; title_font_size_last_edited=&#8221;on|phone&#8221; global_colors_info=&#8221;{}&#8221; sticky_enabled=&#8221;0&#8243;][\/et_pb_heading][\/et_pb_column][\/et_pb_row][et_pb_row column_structure=&#8221;1_2,1_2&#8243; use_custom_gutter=&#8221;on&#8221; make_equal=&#8221;on&#8221; custom_padding_last_edited=&#8221;on|tablet&#8221; _builder_version=&#8221;4.25.2&#8243; _module_preset=&#8221;default&#8221; width=&#8221;90%&#8221; max_width=&#8221;1280px&#8221; custom_margin=&#8221;||30px||false|false&#8221; custom_padding=&#8221;||||false|false&#8221; custom_padding_tablet=&#8221;0px||0px||false|false&#8221; custom_padding_phone=&#8221;||0px||false|false&#8221; global_colors_info=&#8221;{}&#8221;][et_pb_column type=&#8221;1_2&#8243; _builder_version=&#8221;4.22.0&#8243; _module_preset=&#8221;default&#8221; global_colors_info=&#8221;{}&#8221;][et_pb_image src=&#8221;https:\/\/starforlife.org\/wp-content\/uploads\/2023\/11\/primary.webp&#8221; title_text=&#8221;primary&#8221; show_bottom_space=&#8221;off&#8221; _builder_version=&#8221;4.22.0&#8243; _module_preset=&#8221;default&#8221; custom_margin=&#8221;||20px||false|false&#8221; border_radii=&#8221;on|50px|50px|50px|50px&#8221; global_colors_info=&#8221;{}&#8221;][\/et_pb_image][et_pb_text _builder_version=&#8221;4.27.4&#8243; _module_preset=&#8221;default&#8221; text_text_color=&#8221;#4c4c4c&#8221; text_font_size=&#8221;16px&#8221; text_line_height=&#8221;1.6em&#8221; header_2_text_color=&#8221;#47AC3D&#8221; header_3_font=&#8221;|300|||||||&#8221; header_3_text_color=&#8221;#000000&#8243; header_3_font_size=&#8221;24px&#8221; header_3_line_height=&#8221;1.3em&#8221; custom_margin_tablet=&#8221;||30px||false|false&#8221; custom_margin_phone=&#8221;||30px||false|false&#8221; custom_margin_last_edited=&#8221;on|tablet&#8221; header_text_align_tablet=&#8221;&#8221; header_text_align_phone=&#8221;center&#8221; header_text_align_last_edited=&#8221;on|phone&#8221; text_orientation_tablet=&#8221;&#8221; text_orientation_phone=&#8221;center&#8221; text_orientation_last_edited=&#8221;on|phone&#8221; global_colors_info=&#8221;{}&#8221;]<\/p>\n<h3>Skolpartner: Primary School<\/h3>\n<p>I v\u00e5ra Primary Schools arbetar vi f\u00f6r att st\u00e4rka de yngre barnens ansvars-och sj\u00e4lvk\u00e4nsla. Med st\u00f6d av v\u00e5ra trygga coacher och ibland v\u00e5r maskot Jabulani f\u00e5r man l\u00e4ra sig om allt fr\u00e5n hygien, pubertet och tandh\u00e4lsa till respekt f\u00f6r sig sj\u00e4lv och andra. I en trygg milj\u00f6 f\u00e5r barnen \u00e4ven l\u00e4ra sig om kroppens privata delar och att ingen f\u00e5r r\u00f6ra dem utan tillst\u00e5nd. F\u00f6r barndomen ska vara en h\u00e4rlig plats av lek, kunskap och kamratskap, ocks\u00e5 i Afrika.   <\/p>\n<p>[\/et_pb_text][\/et_pb_column][et_pb_column type=&#8221;1_2&#8243; _builder_version=&#8221;4.22.0&#8243; _module_preset=&#8221;default&#8221; global_colors_info=&#8221;{}&#8221;][et_pb_image src=&#8221;https:\/\/starforlife.org\/wp-content\/uploads\/2023\/11\/high-school-3.webp&#8221; title_text=&#8221;high-school-3&#8243; show_bottom_space=&#8221;off&#8221; _builder_version=&#8221;4.22.0&#8243; _module_preset=&#8221;default&#8221; custom_margin=&#8221;||20px||false|false&#8221; border_radii=&#8221;on|50px|50px|50px|50px&#8221; global_colors_info=&#8221;{}&#8221;][\/et_pb_image][et_pb_text _builder_version=&#8221;4.27.4&#8243; _module_preset=&#8221;default&#8221; text_text_color=&#8221;#4c4c4c&#8221; text_font_size=&#8221;16px&#8221; text_line_height=&#8221;1.6em&#8221; header_2_text_color=&#8221;#47AC3D&#8221; header_3_font=&#8221;|300|||||||&#8221; header_3_text_color=&#8221;#000000&#8243; header_3_font_size=&#8221;24px&#8221; header_3_line_height=&#8221;1.3em&#8221; custom_margin_tablet=&#8221;&#8221; custom_margin_phone=&#8221;||40px||false|false&#8221; custom_margin_last_edited=&#8221;on|phone&#8221; text_orientation_tablet=&#8221;&#8221; text_orientation_phone=&#8221;center&#8221; text_orientation_last_edited=&#8221;on|phone&#8221; global_colors_info=&#8221;{}&#8221;]<\/p>\n<h3>Skolpartner: High School<\/h3>\n<p>I v\u00e5ra High Schools st\u00f6ttar v\u00e5ra erfarna coacher st\u00f6rre barn och ungdomar f\u00f6r att de sj\u00e4lva ska kunna ta ansvar f\u00f6r sina liv, h\u00e4lsa och sin sexualitet. Genom olika typer av workshops f\u00e5r man d\u00e4rf\u00f6r l\u00e4ra sig om puberteten, samtycke och relationer men ocks\u00e5 om kreativa uttryckss\u00e4tt, n\u00e4ringsl\u00e4ra, idrott och entrepren\u00f6rskap. M\u00e5let \u00e4r sj\u00e4lvst\u00e4ndiga vuxna som i respekt f\u00f6r sig sj\u00e4lva, varandra och sitt samh\u00e4lle fattar kloka beslut och tar ansvar tillsammans.  <\/p>\n<p>[\/et_pb_text][\/et_pb_column][\/et_pb_row][et_pb_row column_structure=&#8221;1_2,1_2&#8243; use_custom_gutter=&#8221;on&#8221; make_equal=&#8221;on&#8221; custom_padding_last_edited=&#8221;on|tablet&#8221; _builder_version=&#8221;4.23.4&#8243; _module_preset=&#8221;default&#8221; width=&#8221;90%&#8221; max_width=&#8221;1280px&#8221; custom_margin=&#8221;||30px||false|false&#8221; custom_padding=&#8221;||||false|false&#8221; custom_padding_tablet=&#8221;0px||0px||false|false&#8221; custom_padding_phone=&#8221;||0px||false|false&#8221; global_colors_info=&#8221;{}&#8221;][et_pb_column type=&#8221;1_2&#8243; _builder_version=&#8221;4.22.0&#8243; _module_preset=&#8221;default&#8221; global_colors_info=&#8221;{}&#8221;][et_pb_image src=&#8221;https:\/\/starforlife.org\/wp-content\/uploads\/2023\/11\/girlsclub.webp&#8221; title_text=&#8221;girlsclub&#8221; show_bottom_space=&#8221;off&#8221; _builder_version=&#8221;4.22.0&#8243; _module_preset=&#8221;default&#8221; custom_margin=&#8221;||20px||false|false&#8221; border_radii=&#8221;on|50px|50px|50px|50px&#8221; global_colors_info=&#8221;{}&#8221;][\/et_pb_image][et_pb_text _builder_version=&#8221;4.27.4&#8243; _module_preset=&#8221;default&#8221; text_text_color=&#8221;#4c4c4c&#8221; text_font_size=&#8221;16px&#8221; text_line_height=&#8221;1.6em&#8221; header_2_text_color=&#8221;#47AC3D&#8221; header_3_font=&#8221;|300|||||||&#8221; header_3_text_color=&#8221;#000000&#8243; header_3_font_size=&#8221;24px&#8221; header_3_line_height=&#8221;1.3em&#8221; custom_margin_tablet=&#8221;&#8221; custom_margin_phone=&#8221;||40px||false|false&#8221; custom_margin_last_edited=&#8221;on|phone&#8221; text_orientation_tablet=&#8221;&#8221; text_orientation_phone=&#8221;center&#8221; text_orientation_last_edited=&#8221;on|phone&#8221; global_colors_info=&#8221;{}&#8221;]<\/p>\n<h3>Girls Clubs<\/h3>\n<p>I s\u00f6dra Afrika f\u00f6ds allt f\u00f6r m\u00e5nga flickor in i en tillvaro av diskriminering, kunskapsbrist och fattigdom. Genom att st\u00f6tta en Girls Club inom v\u00e5rt program Daughters of Africa \u00f6ronm\u00e4rker ni ert st\u00f6d till arbetet med flickornas h\u00e4lsa, sexualitet, j\u00e4mlikhet och entrepren\u00f6rskap. I f\u00f6rl\u00e4ngningen m\u00f6jligg\u00f6r ni en generation oberoende kvinnor.<\/p>\n<p>[\/et_pb_text][\/et_pb_column][et_pb_column type=&#8221;1_2&#8243; _builder_version=&#8221;4.22.0&#8243; _module_preset=&#8221;default&#8221; global_colors_info=&#8221;{}&#8221;][et_pb_image src=&#8221;https:\/\/starforlife.org\/wp-content\/uploads\/2025\/11\/boys-club-1.webp&#8221; title_text=&#8221;boys-club&#8221; show_bottom_space=&#8221;off&#8221; _builder_version=&#8221;4.27.4&#8243; _module_preset=&#8221;default&#8221; custom_margin=&#8221;||20px||false|false&#8221; border_radii=&#8221;on|50px|50px|50px|50px&#8221; global_colors_info=&#8221;{}&#8221;][\/et_pb_image][et_pb_text _builder_version=&#8221;4.27.4&#8243; _module_preset=&#8221;default&#8221; text_text_color=&#8221;#4c4c4c&#8221; text_font_size=&#8221;16px&#8221; text_line_height=&#8221;1.6em&#8221; header_2_text_color=&#8221;#47AC3D&#8221; header_3_font=&#8221;|300|||||||&#8221; header_3_text_color=&#8221;#000000&#8243; header_3_font_size=&#8221;24px&#8221; header_3_line_height=&#8221;1.3em&#8221; custom_margin_tablet=&#8221;&#8221; custom_margin_phone=&#8221;||40px||false|false&#8221; custom_margin_last_edited=&#8221;on|phone&#8221; text_orientation_tablet=&#8221;&#8221; text_orientation_phone=&#8221;center&#8221; text_orientation_last_edited=&#8221;on|phone&#8221; global_colors_info=&#8221;{}&#8221;]<\/p>\n<h3>Boys Clubs<\/h3>\n<p class=\"p1\"><span class=\"s1\">Star for Life arbetar mot destruktiva strukturer och oj\u00e4mlikhet. Genom v\u00e5ra Sons of Africa Boys Clubs erbjuder vi pojkar och unga m\u00e4n en v\u00e4g bort fr\u00e5n gatan, drogerna och g\u00e4ngen in till klassrummen, kunskapen och sj\u00e4lvk\u00e4nslan. H\u00e4r f\u00e5r de l\u00e4ra sig om pubertet, sexualitet, samtycke och j\u00e4mst\u00e4llda relationer men ocks\u00e5 hur man n\u00e5r sina dr\u00f6mmar genom arbete <br \/>och entrepren\u00f6rskap. M\u00e5let \u00e4r en ny generation ansvarstagande och j\u00e4mst\u00e4llda m\u00e4n. <\/span><\/p>\n<p>[\/et_pb_text][\/et_pb_column][\/et_pb_row][et_pb_row column_structure=&#8221;1_2,1_2&#8243; use_custom_gutter=&#8221;on&#8221; make_equal=&#8221;on&#8221; custom_padding_last_edited=&#8221;on|tablet&#8221; _builder_version=&#8221;4.23.4&#8243; _module_preset=&#8221;default&#8221; width=&#8221;90%&#8221; max_width=&#8221;1280px&#8221; custom_margin=&#8221;||30px||false|false&#8221; custom_padding=&#8221;||||false|false&#8221; custom_padding_tablet=&#8221;0px||0px||false|false&#8221; custom_padding_phone=&#8221;0px||0px||false|false&#8221; global_colors_info=&#8221;{}&#8221;][et_pb_column type=&#8221;1_2&#8243; _builder_version=&#8221;4.23.1&#8243; _module_preset=&#8221;default&#8221; global_colors_info=&#8221;{}&#8221;][et_pb_image src=&#8221;https:\/\/starforlife.org\/wp-content\/uploads\/2023\/11\/barn-i-skolbank.webp&#8221; title_text=&#8221;barn-i-skolb\u00e4nk&#8221; show_bottom_space=&#8221;off&#8221; _builder_version=&#8221;4.22.0&#8243; _module_preset=&#8221;default&#8221; custom_margin=&#8221;||20px||false|false&#8221; border_radii=&#8221;on|50px|50px|50px|50px&#8221; global_colors_info=&#8221;{}&#8221;][\/et_pb_image][et_pb_text _builder_version=&#8221;4.27.4&#8243; _module_preset=&#8221;default&#8221; text_text_color=&#8221;#4c4c4c&#8221; text_font_size=&#8221;16px&#8221; text_line_height=&#8221;1.6em&#8221; header_2_text_color=&#8221;#47AC3D&#8221; header_3_font=&#8221;|300|||||||&#8221; header_3_text_color=&#8221;#000000&#8243; header_3_font_size=&#8221;24px&#8221; header_3_line_height=&#8221;1.3em&#8221; custom_margin_tablet=&#8221;&#8221; custom_margin_phone=&#8221;||40px||false|false&#8221; custom_margin_last_edited=&#8221;on|phone&#8221; text_orientation_tablet=&#8221;&#8221; text_orientation_phone=&#8221;center&#8221; text_orientation_last_edited=&#8221;on|phone&#8221; global_colors_info=&#8221;{}&#8221;]<\/p>\n<h3>Verksamhetspartner<\/h3>\n<p>Verksamhetspartners \u00e4r de f\u00f6retag som troget st\u00f6ttat Star for Life under sex \u00e5r (eller mer). P\u00e5 s\u00e5 vis har de bidragit med b\u00e5de kontinuitet och ett viktigt basst\u00f6d som m\u00f6jligg\u00f6r v\u00e5rt arbete.<\/p>\n<p>[\/et_pb_text][\/et_pb_column][et_pb_column type=&#8221;1_2&#8243; _builder_version=&#8221;4.22.0&#8243; _module_preset=&#8221;default&#8221; global_colors_info=&#8221;{}&#8221;][et_pb_image src=&#8221;https:\/\/starforlife.org\/wp-content\/uploads\/2023\/11\/mhu.webp&#8221; title_text=&#8221;mhu&#8221; show_bottom_space=&#8221;off&#8221; _builder_version=&#8221;4.22.0&#8243; _module_preset=&#8221;default&#8221; custom_margin=&#8221;||20px||false|false&#8221; border_radii=&#8221;on|50px|50px|50px|50px&#8221; global_colors_info=&#8221;{}&#8221;][\/et_pb_image][et_pb_text _builder_version=&#8221;4.27.4&#8243; _module_preset=&#8221;default&#8221; text_text_color=&#8221;#4c4c4c&#8221; text_font_size=&#8221;16px&#8221; text_line_height=&#8221;1.6em&#8221; header_2_text_color=&#8221;#47AC3D&#8221; header_3_font=&#8221;|300|||||||&#8221; header_3_text_color=&#8221;#000000&#8243; header_3_font_size=&#8221;24px&#8221; header_3_line_height=&#8221;1.3em&#8221; custom_margin_tablet=&#8221;&#8221; custom_margin_phone=&#8221;||40px||false|false&#8221; custom_margin_last_edited=&#8221;on|phone&#8221; text_orientation_tablet=&#8221;&#8221; text_orientation_phone=&#8221;center&#8221; text_orientation_last_edited=&#8221;on|phone&#8221; global_colors_info=&#8221;{}&#8221;]<\/p>\n<h3>Mobila h\u00e4lsoklinker<\/h3>\n<p>Genom Star for Lifes mobila h\u00e4lsokliniker f\u00e5r barn och unga i s\u00f6dra Afrika liknande m\u00f6jligheter som svenska barn f\u00e5r hos skolsk\u00f6terskan. H\u00e4r kan man v\u00e4gas, m\u00e4tas och kolla synen och h\u00e4r f\u00f6rmedlas kunskap om s\u00e5v\u00e4l pubertet och mens som hygien och n\u00e4ringsl\u00e4ra. Det \u00e4r ocks\u00e5 h\u00e4r som vi f\u00f6rdjupar ungdomarnas kunskap om samtycke och samlevnad, om sexuell och reproduktiv h\u00e4lsa samt om k\u00f6nssjukdomar, hiv och aids. Dessutom erbjuder v\u00e5ra kunniga medarbetare b\u00e5de h\u00e4lsounders\u00f6kningar, psykosocial r\u00e5dgivning och delar ut mensskydd (menskoppar, bindor eller menstrosor beroende p\u00e5 \u00e5lder\/mognad och lokala f\u00f6ruts\u00e4ttningar s\u00e5som tillg\u00e5ngen till rinnande vatten).    <\/p>\n<p>[\/et_pb_text][\/et_pb_column][\/et_pb_row][et_pb_row column_structure=&#8221;1_2,1_2&#8243; use_custom_gutter=&#8221;on&#8221; make_equal=&#8221;on&#8221; custom_padding_last_edited=&#8221;on|tablet&#8221; _builder_version=&#8221;4.27.4&#8243; _module_preset=&#8221;default&#8221; width=&#8221;90%&#8221; max_width=&#8221;1280px&#8221; custom_margin=&#8221;||30px||false|false&#8221; custom_padding=&#8221;||||false|false&#8221; custom_padding_tablet=&#8221;0px||0px||false|false&#8221; custom_padding_phone=&#8221;||0px||false|false&#8221; global_colors_info=&#8221;{}&#8221;][et_pb_column type=&#8221;1_2&#8243; _builder_version=&#8221;4.22.0&#8243; _module_preset=&#8221;default&#8221; global_colors_info=&#8221;{}&#8221;][et_pb_image src=&#8221;https:\/\/starforlife.org\/wp-content\/uploads\/2023\/11\/barn-skolgard.webp&#8221; title_text=&#8221;barn-skolg\u00e5rd&#8221; show_bottom_space=&#8221;off&#8221; _builder_version=&#8221;4.22.0&#8243; _module_preset=&#8221;default&#8221; custom_margin=&#8221;||20px||false|false&#8221; border_radii=&#8221;on|50px|50px|50px|50px&#8221; global_colors_info=&#8221;{}&#8221;][\/et_pb_image][et_pb_text _builder_version=&#8221;4.27.4&#8243; _module_preset=&#8221;default&#8221; text_text_color=&#8221;#4c4c4c&#8221; text_font_size=&#8221;16px&#8221; text_line_height=&#8221;1.6em&#8221; header_2_text_color=&#8221;#47AC3D&#8221; header_3_font=&#8221;|300|||||||&#8221; header_3_text_color=&#8221;#000000&#8243; header_3_font_size=&#8221;24px&#8221; header_3_line_height=&#8221;1.3em&#8221; custom_margin_tablet=&#8221;&#8221; custom_margin_phone=&#8221;||40px||false|false&#8221; custom_margin_last_edited=&#8221;on|phone&#8221; text_orientation_tablet=&#8221;&#8221; text_orientation_phone=&#8221;center&#8221; text_orientation_last_edited=&#8221;on|phone&#8221; global_colors_info=&#8221;{}&#8221;]<\/p>\n<h3>Samarbetspartners<\/h3>\n<p style=\"font-weight: 400;\"><span>Det finns s\u00e5klart m\u00f6jligheten att st\u00f6tta v\u00e5rt arbete utifr\u00e5n egna id\u00e9er och \u00f6nskem\u00e5l. Kanske kan ni bekosta en s\u00e4rskild utbildning, leverera datorer till en skola, fixa lokal f\u00f6r en Star for Life-konsert eller varf\u00f6r inte tandborstar eller mensskydd till en av v\u00e5ra mobila h\u00e4lsokliniker? H\u00f6r av er till Patric eller Elinor med just era tankar.  <\/span><\/p>\n<p>[\/et_pb_text][\/et_pb_column][et_pb_column type=&#8221;1_2&#8243; disabled_on=&#8221;off|off|off&#8221; _builder_version=&#8221;4.27.4&#8243; _module_preset=&#8221;default&#8221; global_colors_info=&#8221;{}&#8221;][et_pb_image src=&#8221;https:\/\/starforlife.org\/wp-content\/uploads\/2023\/11\/barn-primary.webp&#8221; title_text=&#8221;barn-primary&#8221; show_bottom_space=&#8221;off&#8221; _builder_version=&#8221;4.22.0&#8243; _module_preset=&#8221;default&#8221; custom_margin=&#8221;||20px||false|false&#8221; border_radii=&#8221;on|50px|50px|50px|50px&#8221; global_colors_info=&#8221;{}&#8221;][\/et_pb_image][et_pb_text _builder_version=&#8221;4.23.4&#8243; _module_preset=&#8221;default&#8221; text_text_color=&#8221;#4c4c4c&#8221; text_font_size=&#8221;16px&#8221; text_line_height=&#8221;1.6em&#8221; header_2_text_color=&#8221;#47AC3D&#8221; header_3_font=&#8221;|300|||||||&#8221; header_3_text_color=&#8221;#000000&#8243; header_3_font_size=&#8221;24px&#8221; header_3_line_height=&#8221;1.3em&#8221; text_orientation_tablet=&#8221;&#8221; text_orientation_phone=&#8221;center&#8221; text_orientation_last_edited=&#8221;on|phone&#8221; global_colors_info=&#8221;{}&#8221;]<\/p>\n<h3>Delat partnerskap<\/h3>\n<p>Genom att dela ett partnerskap kan ocks\u00e5 privatpersoner och mindre f\u00f6retag bidra till att barn och unga l\u00e4r sig att ta ansvar f\u00f6r sina liv och n\u00e5 sina dr\u00f6mmar. F\u00f6r som vi vet g\u00f6r \u00e4ven m\u00e5nga b\u00e4ckar sm\u00e5 en stor \u00e5.<\/p>\n<p>[\/et_pb_text][\/et_pb_column][\/et_pb_row][\/et_pb_section]<\/p>\n","protected":false},"excerpt":{"rendered":"<p>V\u00e5rt arbete f\u00f6r barn och unga \u00e4r bara m\u00f6jligt genom att f\u00f6retag, familjer och organisationer v\u00e4ljer att st\u00f6tta oss som partners.P\u00e5 s\u00e5 vis g\u00f6r ni v\u00e4rlden b\u00e4ttre, m\u00f6jligg\u00f6r dr\u00f6mmar och visar p\u00e5 ert engagemang b\u00e5de internt och externt. Samtidigt f\u00e5r ni tillg\u00e5ng till ett stort kontaktn\u00e4t med m\u00f6jliga samarbeten, bes\u00f6k p\u00e5 plats i verksamheten och [&hellip;]<\/p>\n","protected":false},"author":1,"featured_media":0,"parent":0,"menu_order":0,"comment_status":"closed","ping_status":"closed","template":"","meta":{"_acf_changed":false,"_et_pb_use_builder":"on","_et_pb_old_content":"","_et_gb_content_width":"","inline_featured_image":false,"footnotes":""},"class_list":["post-43333","page","type-page","status-publish","hentry"],"acf":[],"yoast_head":"<!-- This site is optimized with the Yoast SEO plugin v27.5 - https:\/\/yoast.com\/product\/yoast-seo-wordpress\/ -->\n<title>Varf\u00f6r bli partner? | Star for Life<\/title>\n<meta name=\"robots\" content=\"index, follow, max-snippet:-1, max-image-preview:large, max-video-preview:-1\" \/>\n<link rel=\"canonical\" href=\"https:\/\/starforlife.org\/sv\/varfor-bli-partner\/\" \/>\n<meta property=\"og:locale\" content=\"sv_SE\" \/>\n<meta property=\"og:type\" content=\"article\" \/>\n<meta property=\"og:title\" content=\"Varf\u00f6r bli partner? | Star for Life\" \/>\n<meta property=\"og:description\" content=\"V\u00e5rt arbete f\u00f6r barn och unga \u00e4r bara m\u00f6jligt genom att f\u00f6retag, familjer och organisationer v\u00e4ljer att st\u00f6tta oss som partners.P\u00e5 s\u00e5 vis g\u00f6r ni v\u00e4rlden b\u00e4ttre, m\u00f6jligg\u00f6r dr\u00f6mmar och visar p\u00e5 ert engagemang b\u00e5de internt och externt. Samtidigt f\u00e5r ni tillg\u00e5ng till ett stort kontaktn\u00e4t med m\u00f6jliga samarbeten, bes\u00f6k p\u00e5 plats i verksamheten och [&hellip;]\" \/>\n<meta property=\"og:site_name\" content=\"Star for Life\" \/>\n<meta property=\"article:publisher\" content=\"https:\/\/www.facebook.com\/starforlifeofficial\" \/>\n<meta property=\"article:modified_time\" content=\"2026-02-04T16:07:59+00:00\" \/>\n<meta property=\"og:image\" content=\"https:\/\/starforlife.org\/wp-content\/uploads\/2023\/08\/kufezekile.webp\" \/>\n\t<meta property=\"og:image:width\" content=\"1920\" \/>\n\t<meta property=\"og:image:height\" content=\"1440\" \/>\n\t<meta property=\"og:image:type\" content=\"image\/webp\" \/>\n<meta name=\"twitter:card\" content=\"summary_large_image\" \/>\n<meta name=\"twitter:label1\" content=\"Ber\u00e4knad l\u00e4stid\" \/>\n\t<meta name=\"twitter:data1\" content=\"18 minuter\" \/>\n<script type=\"application\/ld+json\" class=\"yoast-schema-graph\">{\"@context\":\"https:\\\/\\\/schema.org\",\"@graph\":[{\"@type\":\"WebPage\",\"@id\":\"https:\\\/\\\/starforlife.org\\\/sv\\\/varfor-bli-partner\\\/\",\"url\":\"https:\\\/\\\/starforlife.org\\\/sv\\\/varfor-bli-partner\\\/\",\"name\":\"Varf\u00f6r bli partner? | Star for Life\",\"isPartOf\":{\"@id\":\"https:\\\/\\\/starforlife.org\\\/#website\"},\"datePublished\":\"2025-10-30T13:39:30+00:00\",\"dateModified\":\"2026-02-04T16:07:59+00:00\",\"inLanguage\":\"sv-SE\",\"potentialAction\":[{\"@type\":\"ReadAction\",\"target\":[\"https:\\\/\\\/starforlife.org\\\/sv\\\/varfor-bli-partner\\\/\"]}]},{\"@type\":\"WebSite\",\"@id\":\"https:\\\/\\\/starforlife.org\\\/#website\",\"url\":\"https:\\\/\\\/starforlife.org\\\/\",\"name\":\"Star for Life\",\"description\":\"Empowering young people\",\"publisher\":{\"@id\":\"https:\\\/\\\/starforlife.org\\\/#organization\"},\"alternateName\":\"SFL\",\"potentialAction\":[{\"@type\":\"SearchAction\",\"target\":{\"@type\":\"EntryPoint\",\"urlTemplate\":\"https:\\\/\\\/starforlife.org\\\/?s={search_term_string}\"},\"query-input\":{\"@type\":\"PropertyValueSpecification\",\"valueRequired\":true,\"valueName\":\"search_term_string\"}}],\"inLanguage\":\"sv-SE\"},{\"@type\":\"Organization\",\"@id\":\"https:\\\/\\\/starforlife.org\\\/#organization\",\"name\":\"Star for life\",\"url\":\"https:\\\/\\\/starforlife.org\\\/\",\"logo\":{\"@type\":\"ImageObject\",\"inLanguage\":\"sv-SE\",\"@id\":\"https:\\\/\\\/starforlife.org\\\/#\\\/schema\\\/logo\\\/image\\\/\",\"url\":\"https:\\\/\\\/starforlife.org\\\/wp-content\\\/uploads\\\/2024\\\/02\\\/logga.svg\",\"contentUrl\":\"https:\\\/\\\/starforlife.org\\\/wp-content\\\/uploads\\\/2024\\\/02\\\/logga.svg\",\"width\":\"1024\",\"height\":\"1024\",\"caption\":\"Star for life\"},\"image\":{\"@id\":\"https:\\\/\\\/starforlife.org\\\/#\\\/schema\\\/logo\\\/image\\\/\"},\"sameAs\":[\"https:\\\/\\\/www.facebook.com\\\/starforlifeofficial\",\"https:\\\/\\\/www.linkedin.com\\\/company\\\/7063029\\\/\"]}]}<\/script>\n<!-- \/ Yoast SEO plugin. -->","yoast_head_json":{"title":"Varf\u00f6r bli partner? | Star for Life","robots":{"index":"index","follow":"follow","max-snippet":"max-snippet:-1","max-image-preview":"max-image-preview:large","max-video-preview":"max-video-preview:-1"},"canonical":"https:\/\/starforlife.org\/sv\/varfor-bli-partner\/","og_locale":"sv_SE","og_type":"article","og_title":"Varf\u00f6r bli partner? | Star for Life","og_description":"V\u00e5rt arbete f\u00f6r barn och unga \u00e4r bara m\u00f6jligt genom att f\u00f6retag, familjer och organisationer v\u00e4ljer att st\u00f6tta oss som partners.P\u00e5 s\u00e5 vis g\u00f6r ni v\u00e4rlden b\u00e4ttre, m\u00f6jligg\u00f6r dr\u00f6mmar och visar p\u00e5 ert engagemang b\u00e5de internt och externt. Samtidigt f\u00e5r ni tillg\u00e5ng till ett stort kontaktn\u00e4t med m\u00f6jliga samarbeten, bes\u00f6k p\u00e5 plats i verksamheten och [&hellip;]","og_site_name":"Star for Life","article_publisher":"https:\/\/www.facebook.com\/starforlifeofficial","article_modified_time":"2026-02-04T16:07:59+00:00","og_image":[{"width":1920,"height":1440,"url":"https:\/\/starforlife.org\/wp-content\/uploads\/2023\/08\/kufezekile.webp","type":"image\/webp"}],"twitter_card":"summary_large_image","twitter_misc":{"Ber\u00e4knad l\u00e4stid":"18 minuter"},"schema":{"@context":"https:\/\/schema.org","@graph":[{"@type":"WebPage","@id":"https:\/\/starforlife.org\/sv\/varfor-bli-partner\/","url":"https:\/\/starforlife.org\/sv\/varfor-bli-partner\/","name":"Varf\u00f6r bli partner? | Star for Life","isPartOf":{"@id":"https:\/\/starforlife.org\/#website"},"datePublished":"2025-10-30T13:39:30+00:00","dateModified":"2026-02-04T16:07:59+00:00","inLanguage":"sv-SE","potentialAction":[{"@type":"ReadAction","target":["https:\/\/starforlife.org\/sv\/varfor-bli-partner\/"]}]},{"@type":"WebSite","@id":"https:\/\/starforlife.org\/#website","url":"https:\/\/starforlife.org\/","name":"Star for Life","description":"Empowering young people","publisher":{"@id":"https:\/\/starforlife.org\/#organization"},"alternateName":"SFL","potentialAction":[{"@type":"SearchAction","target":{"@type":"EntryPoint","urlTemplate":"https:\/\/starforlife.org\/?s={search_term_string}"},"query-input":{"@type":"PropertyValueSpecification","valueRequired":true,"valueName":"search_term_string"}}],"inLanguage":"sv-SE"},{"@type":"Organization","@id":"https:\/\/starforlife.org\/#organization","name":"Star for life","url":"https:\/\/starforlife.org\/","logo":{"@type":"ImageObject","inLanguage":"sv-SE","@id":"https:\/\/starforlife.org\/#\/schema\/logo\/image\/","url":"https:\/\/starforlife.org\/wp-content\/uploads\/2024\/02\/logga.svg","contentUrl":"https:\/\/starforlife.org\/wp-content\/uploads\/2024\/02\/logga.svg","width":"1024","height":"1024","caption":"Star for life"},"image":{"@id":"https:\/\/starforlife.org\/#\/schema\/logo\/image\/"},"sameAs":["https:\/\/www.facebook.com\/starforlifeofficial","https:\/\/www.linkedin.com\/company\/7063029\/"]}]}},"_links":{"self":[{"href":"https:\/\/starforlife.org\/sv\/wp-json\/wp\/v2\/pages\/43333","targetHints":{"allow":["GET"]}}],"collection":[{"href":"https:\/\/starforlife.org\/sv\/wp-json\/wp\/v2\/pages"}],"about":[{"href":"https:\/\/starforlife.org\/sv\/wp-json\/wp\/v2\/types\/page"}],"author":[{"embeddable":true,"href":"https:\/\/starforlife.org\/sv\/wp-json\/wp\/v2\/users\/1"}],"replies":[{"embeddable":true,"href":"https:\/\/starforlife.org\/sv\/wp-json\/wp\/v2\/comments?post=43333"}],"version-history":[{"count":12,"href":"https:\/\/starforlife.org\/sv\/wp-json\/wp\/v2\/pages\/43333\/revisions"}],"predecessor-version":[{"id":44753,"href":"https:\/\/starforlife.org\/sv\/wp-json\/wp\/v2\/pages\/43333\/revisions\/44753"}],"wp:attachment":[{"href":"https:\/\/starforlife.org\/sv\/wp-json\/wp\/v2\/media?parent=43333"}],"curies":[{"name":"wp","href":"https:\/\/api.w.org\/{rel}","templated":true}]}}