{"id":40122,"date":"2025-03-14T14:09:42","date_gmt":"2025-03-14T13:09:42","guid":{"rendered":"https:\/\/starforlife.org\/?page_id=40122"},"modified":"2025-04-09T16:41:53","modified_gmt":"2025-04-09T15:41:53","slug":"motivationslyftet","status":"publish","type":"page","link":"https:\/\/starforlife.org\/sv\/motivationslyftet\/","title":{"rendered":"Motivationslyftet"},"content":{"rendered":"<p>[et_pb_section fb_built=&#8221;1&#8243; custom_padding_last_edited=&#8221;on|phone&#8221; admin_label=&#8221;Motivationslyftet&#8221; _builder_version=&#8221;4.24.0&#8243; _module_preset=&#8221;default&#8221; background_color=&#8221;rgba(0,0,0,0.9)&#8221; background_enable_image=&#8221;off&#8221; background_blend=&#8221;multiply&#8221; custom_padding=&#8221;||75px|||&#8221; custom_padding_tablet=&#8221;||75px|||&#8221; custom_padding_phone=&#8221;0px||40px||false|false&#8221; locked=&#8221;off&#8221; collapsed=&#8221;on&#8221; global_colors_info=&#8221;{}&#8221;][et_pb_row custom_padding_last_edited=&#8221;on|phone&#8221; _builder_version=&#8221;4.24.0&#8243; _module_preset=&#8221;default&#8221; custom_padding_tablet=&#8221;&#8221; custom_padding_phone=&#8221;0px||||false|false&#8221; global_colors_info=&#8221;{}&#8221;][et_pb_column type=&#8221;4_4&#8243; _builder_version=&#8221;4.22.0&#8243; _module_preset=&#8221;default&#8221; global_colors_info=&#8221;{}&#8221;][et_pb_text _builder_version=&#8221;4.27.4&#8243; _module_preset=&#8221;default&#8221; header_2_text_align=&#8221;center&#8221; header_2_text_color=&#8221;#FFFFFF&#8221; background_enable_image=&#8221;off&#8221; custom_margin=&#8221;||0px||false|false&#8221; custom_padding=&#8221;||0px||false|false&#8221; header_2_font_size_tablet=&#8221;&#8221; header_2_font_size_phone=&#8221;25px&#8221; header_2_font_size_last_edited=&#8221;on|phone&#8221; global_colors_info=&#8221;{}&#8221;]<\/p>\n<h2>Motivationslyftet<\/h2>\n<p>[\/et_pb_text][et_pb_text _builder_version=&#8221;4.24.0&#8243; _module_preset=&#8221;default&#8221; text_text_color=&#8221;#FFFFFF&#8221; link_font=&#8221;||||on|||#FFD405|&#8221; link_text_color=&#8221;#FFD405&#8243; text_orientation=&#8221;center&#8221; width=&#8221;61%&#8221; width_tablet=&#8221;92%&#8221; width_phone=&#8221;100%&#8221; width_last_edited=&#8221;on|phone&#8221; module_alignment=&#8221;center&#8221; custom_margin=&#8221;||30px||false|false&#8221; global_colors_info=&#8221;{}&#8221;]<\/p>\n<p><span>I Sverige bedrivs Star for Life inom ramen f\u00f6r f\u00f6reningen Motivationslyftet som st\u00f6ttar elever p\u00e5 skolor i Sverige men ocks\u00e5 unga idrottare. Det gemensamma fokuset \u00e4r motivation, sj\u00e4lvk\u00e4nsla och mental h\u00e4lsa. Med Motivationslyftets metod tr\u00e4nas ungdomar i sj\u00e4lvledarskap, ansvar f\u00f6r sin utbildning och\/eller tr\u00e4ning samt f\u00f6r att f\u00f6rebygga psykisk oh\u00e4lsa. Verksamheten leds av Jana S\u00f6derberg.<\/span><\/p>\n<p><a href=\"https:\/\/motivationslyftet.se\/\" target=\"_blank\" rel=\"noopener\">motivationslyftet.se<\/a><\/p>\n<p>[\/et_pb_text][\/et_pb_column][\/et_pb_row][et_pb_row column_structure=&#8221;1_3,1_3,1_3&#8243; use_custom_gutter=&#8221;on&#8221; make_equal=&#8221;on&#8221; custom_padding_last_edited=&#8221;on|phone&#8221; _builder_version=&#8221;4.24.0&#8243; _module_preset=&#8221;default&#8221; width=&#8221;90%&#8221; width_tablet=&#8221;90%&#8221; width_phone=&#8221;85%&#8221; width_last_edited=&#8221;on|phone&#8221; max_width=&#8221;1280px&#8221; custom_margin=&#8221;|auto|11px|auto|false|false&#8221; custom_margin_tablet=&#8221;|auto|0px|auto|false|false&#8221; custom_margin_phone=&#8221;|auto|0px|auto|false|false&#8221; custom_margin_last_edited=&#8221;on|tablet&#8221; custom_padding=&#8221;||40px||false|false&#8221; custom_padding_tablet=&#8221;0px||40px||false|false&#8221; custom_padding_phone=&#8221;0px||40px||false|false&#8221; global_colors_info=&#8221;{}&#8221;][et_pb_column type=&#8221;1_3&#8243; _builder_version=&#8221;4.23.4&#8243; _module_preset=&#8221;default&#8221; global_colors_info=&#8221;{}&#8221;][et_pb_image src=&#8221;https:\/\/starforlife.org\/wp-content\/uploads\/2023\/08\/Jana-400&#215;400-1.jpeg&#8221; alt=&#8221;Jessica Grundstr\u00f6m Generalsekreterare Star for Life&#8221; title_text=&#8221;Jana-400&#215;400&#8243; show_bottom_space=&#8221;off&#8221; force_fullwidth=&#8221;on&#8221; _builder_version=&#8221;4.23.4&#8243; _module_preset=&#8221;default&#8221; custom_margin=&#8221;||20px||false|false&#8221; border_radii=&#8221;on|50px|50px|50px|50px&#8221; border_radii_tablet=&#8221;on|25px|25px|25px|25px&#8221; border_radii_phone=&#8221;on|25px|25px|25px|25px&#8221; border_radii_last_edited=&#8221;on|tablet&#8221; global_colors_info=&#8221;{}&#8221; header_2_font_size_phone=&#8221;25px&#8221; header_2_font_size_last_edited=&#8221;on|phone&#8221; header_2_font_size_tablet=&#8221;30px&#8221;][\/et_pb_image][et_pb_blurb title=&#8221;Jana S\u00f6derberg&#8221; image=&#8221;https:\/\/starforlife.org\/wp-content\/uploads\/2023\/08\/swedish-flag-1.svg&#8221; icon_placement=&#8221;left&#8221; content_max_width=&#8221;1100px&#8221; _builder_version=&#8221;4.27.4&#8243; _module_preset=&#8221;default&#8221; header_text_color=&#8221;#FFFFFF&#8221; body_text_color=&#8221;#FFFFFF&#8221; body_link_font=&#8221;||||on|||#FFD405|&#8221; body_link_text_color=&#8221;#FFD405&#8243; custom_margin=&#8221;||18px||false|false&#8221; custom_margin_tablet=&#8221;||40px||false|false&#8221; custom_margin_phone=&#8221;||40px||false|false&#8221; custom_margin_last_edited=&#8221;on|phone&#8221; animation=&#8221;off&#8221; custom_css_blurb_title=&#8221;margin-bottom: 0px;||padding-bottom: 0px; &#8221; global_colors_info=&#8221;{}&#8221;]<\/p>\n<p><em>Verksamhetschef<\/em><\/p>\n<p><a href=\"mailto:jana@motivationslyftet.se\">jana@motivationslyftet.se<\/a><br \/>+46 (0)70 673 06 44<\/p>\n<p>[\/et_pb_blurb][\/et_pb_column][et_pb_column type=&#8221;1_3&#8243; _builder_version=&#8221;4.23.4&#8243; _module_preset=&#8221;default&#8221; global_colors_info=&#8221;{}&#8221;][et_pb_image src=&#8221;https:\/\/starforlife.org\/wp-content\/uploads\/2024\/01\/Hanna-Silvner.webp&#8221; alt=&#8221;Jessica Grundstr\u00f6m Generalsekreterare Star for Life&#8221; title_text=&#8221;Hanna Silvner&#8221; show_bottom_space=&#8221;off&#8221; force_fullwidth=&#8221;on&#8221; _builder_version=&#8221;4.23.4&#8243; _module_preset=&#8221;default&#8221; custom_margin=&#8221;||20px||false|false&#8221; border_radii=&#8221;on|50px|50px|50px|50px&#8221; border_radii_tablet=&#8221;on|25px|25px|25px|25px&#8221; border_radii_phone=&#8221;on|25px|25px|25px|25px&#8221; border_radii_last_edited=&#8221;on|tablet&#8221; global_colors_info=&#8221;{}&#8221; header_2_font_size_phone=&#8221;25px&#8221; header_2_font_size_last_edited=&#8221;on|phone&#8221; header_2_font_size_tablet=&#8221;30px&#8221;][\/et_pb_image][et_pb_blurb title=&#8221;Hanna Silvner&#8221; image=&#8221;https:\/\/starforlife.org\/wp-content\/uploads\/2023\/08\/swedish-flag-1.svg&#8221; icon_placement=&#8221;left&#8221; content_max_width=&#8221;1100px&#8221; _builder_version=&#8221;4.27.4&#8243; _module_preset=&#8221;default&#8221; header_text_color=&#8221;#FFFFFF&#8221; body_text_color=&#8221;#FFFFFF&#8221; body_link_font=&#8221;||||on|||#FFD405|&#8221; body_link_text_color=&#8221;#FFD405&#8243; custom_margin=&#8221;||18px||false|false&#8221; custom_margin_tablet=&#8221;||40px||false|false&#8221; custom_margin_phone=&#8221;||40px||false|false&#8221; custom_margin_last_edited=&#8221;on|phone&#8221; animation=&#8221;off&#8221; hover_enabled=&#8221;0&#8243; custom_css_blurb_title=&#8221;margin-bottom: 0px;||padding-bottom: 0px; &#8221; global_colors_info=&#8221;{}&#8221; sticky_enabled=&#8221;0&#8243;]<\/p>\n<p><i>Chef Skolstrateg<\/i><\/p>\n<p><a href=\"mailto:hanna@motivationslyftet.se\">hanna@motivationslyftet.se<\/a><span class=\"Apple-converted-space\">\u00a0<\/span><\/p>\n<p>[\/et_pb_blurb][\/et_pb_column][et_pb_column type=&#8221;1_3&#8243; _builder_version=&#8221;4.23.4&#8243; _module_preset=&#8221;default&#8221; global_colors_info=&#8221;{}&#8221;][et_pb_image src=&#8221;https:\/\/starforlife.org\/wp-content\/uploads\/2024\/01\/Karin-Mansson.webp&#8221; alt=&#8221;Jessica Grundstr\u00f6m Generalsekreterare Star for Life&#8221; title_text=&#8221;Karin-M\u00e5nsson&#8221; force_fullwidth=&#8221;on&#8221; _builder_version=&#8221;4.23.4&#8243; _module_preset=&#8221;default&#8221; custom_margin=&#8221;||20px||false|false&#8221; border_radii=&#8221;on|50px|50px|50px|50px&#8221; border_radii_tablet=&#8221;on|25px|25px|25px|25px&#8221; border_radii_phone=&#8221;on|25px|25px|25px|25px&#8221; border_radii_last_edited=&#8221;on|tablet&#8221; global_colors_info=&#8221;{}&#8221; header_2_font_size_phone=&#8221;25px&#8221; header_2_font_size_last_edited=&#8221;on|phone&#8221; header_2_font_size_tablet=&#8221;30px&#8221;][\/et_pb_image][et_pb_blurb title=&#8221;Karin M\u00e5nsson&#8221; image=&#8221;https:\/\/starforlife.org\/wp-content\/uploads\/2023\/08\/swedish-flag-1.svg&#8221; icon_placement=&#8221;left&#8221; content_max_width=&#8221;1100px&#8221; _builder_version=&#8221;4.24.0&#8243; _module_preset=&#8221;default&#8221; header_text_color=&#8221;#FFFFFF&#8221; body_text_color=&#8221;#FFFFFF&#8221; body_link_font=&#8221;||||on|||#FFD405|&#8221; body_link_text_color=&#8221;#FFD405&#8243; custom_margin=&#8221;||18px||false|false&#8221; custom_margin_tablet=&#8221;||40px||false|false&#8221; custom_margin_phone=&#8221;||40px||false|false&#8221; custom_margin_last_edited=&#8221;on|phone&#8221; animation=&#8221;off&#8221; custom_css_blurb_title=&#8221;margin-bottom: 0px;||padding-bottom: 0px; &#8221; global_colors_info=&#8221;{}&#8221;]<\/p>\n<p><em>Skolstrateg Region \u00d6st\u2028<\/em><\/p>\n<p><a href=\"mailto:karin@motivationslyftet.se\">karin@motivationslyftet.se<\/a><\/p>\n<p>[\/et_pb_blurb][\/et_pb_column][\/et_pb_row][et_pb_row column_structure=&#8221;1_3,1_3,1_3&#8243; use_custom_gutter=&#8221;on&#8221; make_equal=&#8221;on&#8221; custom_padding_last_edited=&#8221;on|phone&#8221; _builder_version=&#8221;4.24.0&#8243; _module_preset=&#8221;default&#8221; width=&#8221;90%&#8221; width_tablet=&#8221;90%&#8221; width_phone=&#8221;85%&#8221; width_last_edited=&#8221;on|phone&#8221; max_width=&#8221;1280px&#8221; custom_margin=&#8221;|auto|11px|auto|false|false&#8221; custom_margin_tablet=&#8221;|auto|0px|auto|false|false&#8221; custom_margin_phone=&#8221;|auto|0px|auto|false|false&#8221; custom_margin_last_edited=&#8221;on|tablet&#8221; custom_padding=&#8221;||40px||false|false&#8221; custom_padding_tablet=&#8221;0px||40px||false|false&#8221; custom_padding_phone=&#8221;0px||40px||false|false&#8221; global_colors_info=&#8221;{}&#8221;][et_pb_column type=&#8221;1_3&#8243; _builder_version=&#8221;4.23.4&#8243; _module_preset=&#8221;default&#8221; global_colors_info=&#8221;{}&#8221;][et_pb_image src=&#8221;https:\/\/starforlife.org\/wp-content\/uploads\/2024\/01\/Cecilia-Curman-1.webp&#8221; alt=&#8221;Jessica Grundstr\u00f6m Generalsekreterare Star for Life&#8221; title_text=&#8221;Cecilia-Curman&#8221; force_fullwidth=&#8221;on&#8221; _builder_version=&#8221;4.23.4&#8243; _module_preset=&#8221;default&#8221; custom_margin=&#8221;||20px||false|false&#8221; border_radii=&#8221;on|50px|50px|50px|50px&#8221; border_radii_tablet=&#8221;on|25px|25px|25px|25px&#8221; border_radii_phone=&#8221;on|25px|25px|25px|25px&#8221; border_radii_last_edited=&#8221;on|tablet&#8221; global_colors_info=&#8221;{}&#8221; header_2_font_size_phone=&#8221;25px&#8221; header_2_font_size_last_edited=&#8221;on|phone&#8221; header_2_font_size_tablet=&#8221;30px&#8221;][\/et_pb_image][et_pb_blurb title=&#8221;Cecilia Curman&#8221; image=&#8221;https:\/\/starforlife.org\/wp-content\/uploads\/2023\/08\/swedish-flag-1.svg&#8221; icon_placement=&#8221;left&#8221; content_max_width=&#8221;1100px&#8221; _builder_version=&#8221;4.24.0&#8243; _module_preset=&#8221;default&#8221; header_text_color=&#8221;#FFFFFF&#8221; body_text_color=&#8221;#FFFFFF&#8221; body_link_font=&#8221;||||on|||#FFD405|&#8221; body_link_text_color=&#8221;#FFD405&#8243; custom_margin=&#8221;||18px||false|false&#8221; custom_margin_tablet=&#8221;||40px||false|false&#8221; custom_margin_phone=&#8221;||40px||false|false&#8221; custom_margin_last_edited=&#8221;on|phone&#8221; animation=&#8221;off&#8221; custom_css_blurb_title=&#8221;margin-bottom: 0px;||padding-bottom: 0px; &#8221; global_colors_info=&#8221;{}&#8221;]<\/p>\n<p><em> \u2028Skolstrateg Region M\u00e4lardalen\u2028<\/em><\/p>\n<p><a href=\"mailto:cecilia@motivationslyftet.se\">cecilia@motivationslyftet.se<\/a><\/p>\n<p>[\/et_pb_blurb][\/et_pb_column][et_pb_column type=&#8221;1_3&#8243; _builder_version=&#8221;4.23.4&#8243; _module_preset=&#8221;default&#8221; global_colors_info=&#8221;{}&#8221;][et_pb_image src=&#8221;https:\/\/starforlife.org\/wp-content\/uploads\/2024\/01\/Sandra-Danielsson-1.webp&#8221; alt=&#8221;Jessica Grundstr\u00f6m Generalsekreterare Star for Life&#8221; title_text=&#8221;Sandra-Danielsson&#8221; show_bottom_space=&#8221;off&#8221; force_fullwidth=&#8221;on&#8221; _builder_version=&#8221;4.23.4&#8243; _module_preset=&#8221;default&#8221; custom_margin=&#8221;||20px||false|false&#8221; border_radii=&#8221;on|50px|50px|50px|50px&#8221; border_radii_tablet=&#8221;on|25px|25px|25px|25px&#8221; border_radii_phone=&#8221;on|25px|25px|25px|25px&#8221; border_radii_last_edited=&#8221;on|tablet&#8221; global_colors_info=&#8221;{}&#8221; header_2_font_size_phone=&#8221;25px&#8221; header_2_font_size_last_edited=&#8221;on|phone&#8221; header_2_font_size_tablet=&#8221;30px&#8221;][\/et_pb_image][et_pb_blurb title=&#8221;Sandra Danielsson&#8221; image=&#8221;https:\/\/starforlife.org\/wp-content\/uploads\/2023\/08\/swedish-flag-1.svg&#8221; icon_placement=&#8221;left&#8221; content_max_width=&#8221;1100px&#8221; _builder_version=&#8221;4.24.0&#8243; _module_preset=&#8221;default&#8221; header_text_color=&#8221;#FFFFFF&#8221; body_text_color=&#8221;#FFFFFF&#8221; body_link_font=&#8221;||||on|||#FFD405|&#8221; body_link_text_color=&#8221;#FFD405&#8243; custom_margin=&#8221;||18px||false|false&#8221; custom_margin_tablet=&#8221;||40px||false|false&#8221; custom_margin_phone=&#8221;||40px||false|false&#8221; custom_margin_last_edited=&#8221;on|phone&#8221; animation=&#8221;off&#8221; custom_css_blurb_title=&#8221;margin-bottom: 0px;||padding-bottom: 0px; &#8221; global_colors_info=&#8221;{}&#8221;]<\/p>\n<p><em>\u2028Ansvarig idrottsf\u00f6reningar och skolstrateg Region M\u00e4lardalen\u2028<\/em><\/p>\n<p><a href=\"mailto:sandra@motivationslyftet.se\">sandra@motivationslyftet.se<\/a><\/p>\n<p>[\/et_pb_blurb][\/et_pb_column][et_pb_column type=&#8221;1_3&#8243; _builder_version=&#8221;4.23.4&#8243; _module_preset=&#8221;default&#8221; global_colors_info=&#8221;{}&#8221;][et_pb_image src=&#8221;https:\/\/starforlife.org\/wp-content\/uploads\/2024\/01\/Helena-Wattstrom-1.webp&#8221; alt=&#8221;Jessica Grundstr\u00f6m Generalsekreterare Star for Life&#8221; title_text=&#8221;Helena-Wattstr\u00f6m&#8221; force_fullwidth=&#8221;on&#8221; _builder_version=&#8221;4.24.0&#8243; _module_preset=&#8221;default&#8221; custom_margin=&#8221;||20px||false|false&#8221; border_radii=&#8221;on|50px|50px|50px|50px&#8221; border_radii_tablet=&#8221;on|25px|25px|25px|25px&#8221; border_radii_phone=&#8221;on|25px|25px|25px|25px&#8221; border_radii_last_edited=&#8221;on|tablet&#8221; global_colors_info=&#8221;{}&#8221; header_2_font_size_phone=&#8221;25px&#8221; header_2_font_size_last_edited=&#8221;on|phone&#8221; header_2_font_size_tablet=&#8221;30px&#8221;][\/et_pb_image][et_pb_blurb title=&#8221;Helena Wattstr\u00f6m&#8221; image=&#8221;https:\/\/starforlife.org\/wp-content\/uploads\/2023\/08\/swedish-flag-1.svg&#8221; icon_placement=&#8221;left&#8221; content_max_width=&#8221;1100px&#8221; _builder_version=&#8221;4.24.0&#8243; _module_preset=&#8221;default&#8221; header_text_color=&#8221;#FFFFFF&#8221; body_text_color=&#8221;#FFFFFF&#8221; body_link_font=&#8221;||||on|||#FFD405|&#8221; body_link_text_color=&#8221;#FFD405&#8243; custom_margin=&#8221;||18px||false|false&#8221; custom_margin_tablet=&#8221;||40px||false|false&#8221; custom_margin_phone=&#8221;||40px||false|false&#8221; custom_margin_last_edited=&#8221;on|phone&#8221; animation=&#8221;off&#8221; custom_css_blurb_title=&#8221;margin-bottom: 0px;||padding-bottom: 0px; &#8221; global_colors_info=&#8221;{}&#8221;]<\/p>\n<p><em>\u2028Skolstrateg Region V\u00e4st och personalutbildare\u2028<\/em><\/p>\n<p><a href=\"mailto:helena@motivationslyftet.se\">helena@motivationslyftet.se<\/a><\/p>\n<p>[\/et_pb_blurb][\/et_pb_column][\/et_pb_row][et_pb_row column_structure=&#8221;1_3,1_3,1_3&#8243; use_custom_gutter=&#8221;on&#8221; make_equal=&#8221;on&#8221; custom_padding_last_edited=&#8221;on|phone&#8221; _builder_version=&#8221;4.24.0&#8243; _module_preset=&#8221;default&#8221; width=&#8221;90%&#8221; width_tablet=&#8221;90%&#8221; width_phone=&#8221;85%&#8221; width_last_edited=&#8221;on|phone&#8221; max_width=&#8221;1280px&#8221; custom_margin=&#8221;|auto|11px|auto|false|false&#8221; custom_margin_tablet=&#8221;|auto|0px|auto|false|false&#8221; custom_margin_phone=&#8221;|auto|0px|auto|false|false&#8221; custom_margin_last_edited=&#8221;on|tablet&#8221; custom_padding=&#8221;||40px||false|false&#8221; custom_padding_tablet=&#8221;0px||40px||false|false&#8221; custom_padding_phone=&#8221;0px||40px||false|false&#8221; global_colors_info=&#8221;{}&#8221;][et_pb_column type=&#8221;1_3&#8243; _builder_version=&#8221;4.23.4&#8243; _module_preset=&#8221;default&#8221; global_colors_info=&#8221;{}&#8221;][et_pb_image src=&#8221;https:\/\/starforlife.org\/wp-content\/uploads\/2024\/01\/Anne-Hedlund.webp&#8221; alt=&#8221;Jessica Grundstr\u00f6m Generalsekreterare Star for Life&#8221; title_text=&#8221;Anne Hedlund&#8221; force_fullwidth=&#8221;on&#8221; _builder_version=&#8221;4.23.4&#8243; _module_preset=&#8221;default&#8221; custom_margin=&#8221;||20px||false|false&#8221; border_radii=&#8221;on|50px|50px|50px|50px&#8221; border_radii_tablet=&#8221;on|25px|25px|25px|25px&#8221; border_radii_phone=&#8221;on|25px|25px|25px|25px&#8221; border_radii_last_edited=&#8221;on|tablet&#8221; global_colors_info=&#8221;{}&#8221; header_2_font_size_phone=&#8221;25px&#8221; header_2_font_size_last_edited=&#8221;on|phone&#8221; header_2_font_size_tablet=&#8221;30px&#8221;][\/et_pb_image][et_pb_blurb title=&#8221;Anne Hedlund&#8221; image=&#8221;https:\/\/starforlife.org\/wp-content\/uploads\/2023\/08\/swedish-flag-1.svg&#8221; icon_placement=&#8221;left&#8221; content_max_width=&#8221;1100px&#8221; _builder_version=&#8221;4.24.0&#8243; _module_preset=&#8221;default&#8221; header_text_color=&#8221;#FFFFFF&#8221; body_text_color=&#8221;#FFFFFF&#8221; body_link_font=&#8221;||||on|||#FFD405|&#8221; body_link_text_color=&#8221;#FFD405&#8243; custom_margin=&#8221;||18px||false|false&#8221; custom_margin_tablet=&#8221;||40px||false|false&#8221; custom_margin_phone=&#8221;||40px||false|false&#8221; custom_margin_last_edited=&#8221;on|phone&#8221; animation=&#8221;off&#8221; custom_css_blurb_title=&#8221;margin-bottom: 0px;||padding-bottom: 0px; &#8221; global_colors_info=&#8221;{}&#8221;]<\/p>\n<p><em>Skolstrateg Region M\u00e4lardalen<\/em><\/p>\n<p><a href=\"mailto:anne@motivationslyftet.se\">anne@motivationslyftet.se<\/a><\/p>\n<p>[\/et_pb_blurb][\/et_pb_column][et_pb_column type=&#8221;1_3&#8243; _builder_version=&#8221;4.23.4&#8243; _module_preset=&#8221;default&#8221; global_colors_info=&#8221;{}&#8221;][et_pb_image src=&#8221;https:\/\/starforlife.org\/wp-content\/uploads\/2024\/01\/Laila-Davidsson-.webp&#8221; alt=&#8221;Jessica Grundstr\u00f6m Generalsekreterare Star for Life&#8221; title_text=&#8221;Laila Davidsson&#8221; force_fullwidth=&#8221;on&#8221; _builder_version=&#8221;4.23.4&#8243; _module_preset=&#8221;default&#8221; custom_margin=&#8221;||20px||false|false&#8221; border_radii=&#8221;on|50px|50px|50px|50px&#8221; border_radii_tablet=&#8221;on|25px|25px|25px|25px&#8221; border_radii_phone=&#8221;on|25px|25px|25px|25px&#8221; border_radii_last_edited=&#8221;on|tablet&#8221; global_colors_info=&#8221;{}&#8221; header_2_font_size_phone=&#8221;25px&#8221; header_2_font_size_last_edited=&#8221;on|phone&#8221; header_2_font_size_tablet=&#8221;30px&#8221;][\/et_pb_image][et_pb_blurb title=&#8221;Laila Davidsson&#8221; image=&#8221;https:\/\/starforlife.org\/wp-content\/uploads\/2023\/08\/swedish-flag-1.svg&#8221; icon_placement=&#8221;left&#8221; content_max_width=&#8221;1100px&#8221; _builder_version=&#8221;4.24.0&#8243; _module_preset=&#8221;default&#8221; header_text_color=&#8221;#FFFFFF&#8221; body_text_color=&#8221;#FFFFFF&#8221; body_link_font=&#8221;||||on|||#FFD405|&#8221; body_link_text_color=&#8221;#FFD405&#8243; custom_margin=&#8221;||18px||false|false&#8221; custom_margin_tablet=&#8221;||40px||false|false&#8221; custom_margin_phone=&#8221;||40px||false|false&#8221; custom_margin_last_edited=&#8221;on|phone&#8221; animation=&#8221;off&#8221; custom_css_blurb_title=&#8221;margin-bottom: 0px;||padding-bottom: 0px; &#8221; global_colors_info=&#8221;{}&#8221;]<\/p>\n<p><em>Ekonomiansvarig<\/em><\/p>\n<p><a href=\"mailto:laila@motivationslyftet.se\">laila@motivationslyftet.se<\/a>\u00a0<\/p>\n<p>[\/et_pb_blurb][\/et_pb_column][et_pb_column type=&#8221;1_3&#8243; _builder_version=&#8221;4.23.4&#8243; _module_preset=&#8221;default&#8221; global_colors_info=&#8221;{}&#8221;][et_pb_image src=&#8221;https:\/\/starforlife.org\/wp-content\/uploads\/2024\/01\/IMG_6878.jpg&#8221; alt=&#8221;Jessica Grundstr\u00f6m Generalsekreterare Star for Life&#8221; title_text=&#8221;IMG_6878&#8243; force_fullwidth=&#8221;on&#8221; _builder_version=&#8221;4.24.0&#8243; _module_preset=&#8221;default&#8221; custom_margin=&#8221;0px||20px||false|false&#8221; custom_padding=&#8221;0px||||false|false&#8221; border_radii=&#8221;on|50px|50px|50px|50px&#8221; border_radii_tablet=&#8221;on|25px|25px|25px|25px&#8221; border_radii_phone=&#8221;on|25px|25px|25px|25px&#8221; border_radii_last_edited=&#8221;on|tablet&#8221; global_colors_info=&#8221;{}&#8221; header_2_font_size_phone=&#8221;25px&#8221; header_2_font_size_last_edited=&#8221;on|phone&#8221; header_2_font_size_tablet=&#8221;30px&#8221;][\/et_pb_image][et_pb_blurb title=&#8221;Maria Erixon&#8221; image=&#8221;https:\/\/starforlife.org\/wp-content\/uploads\/2023\/08\/swedish-flag-1.svg&#8221; icon_placement=&#8221;left&#8221; content_max_width=&#8221;1100px&#8221; _builder_version=&#8221;4.24.0&#8243; _module_preset=&#8221;default&#8221; header_text_color=&#8221;#FFFFFF&#8221; body_text_color=&#8221;#FFFFFF&#8221; body_link_font=&#8221;||||on|||#FFD405|&#8221; body_link_text_color=&#8221;#FFD405&#8243; custom_margin=&#8221;||18px||false|false&#8221; custom_margin_tablet=&#8221;||40px||false|false&#8221; custom_margin_phone=&#8221;||40px||false|false&#8221; custom_margin_last_edited=&#8221;on|phone&#8221; animation=&#8221;off&#8221; custom_css_blurb_title=&#8221;margin-bottom: 0px;||padding-bottom: 0px; &#8221; global_colors_info=&#8221;{}&#8221;]<\/p>\n<p><em>Skolstrateg Region Bergslagen<\/em><\/p>\n<p><a href=\"mailto:maria@motivationslyftet.se\">maria@motivationslyftet.se<\/a><\/p>\n<p>[\/et_pb_blurb][\/et_pb_column][\/et_pb_row][et_pb_row column_structure=&#8221;1_3,1_3,1_3&#8243; use_custom_gutter=&#8221;on&#8221; make_equal=&#8221;on&#8221; custom_padding_last_edited=&#8221;on|phone&#8221; _builder_version=&#8221;4.24.0&#8243; _module_preset=&#8221;default&#8221; width=&#8221;90%&#8221; width_tablet=&#8221;90%&#8221; width_phone=&#8221;85%&#8221; width_last_edited=&#8221;on|phone&#8221; max_width=&#8221;1280px&#8221; custom_margin=&#8221;|auto|11px|auto|false|false&#8221; custom_margin_tablet=&#8221;|auto|0px|auto|false|false&#8221; custom_margin_phone=&#8221;|auto|0px|auto|false|false&#8221; custom_margin_last_edited=&#8221;on|tablet&#8221; custom_padding=&#8221;||40px||false|false&#8221; custom_padding_tablet=&#8221;0px||40px||false|false&#8221; custom_padding_phone=&#8221;0px||40px||false|false&#8221; global_colors_info=&#8221;{}&#8221;][et_pb_column type=&#8221;1_3&#8243; _builder_version=&#8221;4.23.4&#8243; _module_preset=&#8221;default&#8221; global_colors_info=&#8221;{}&#8221;][et_pb_image src=&#8221;https:\/\/starforlife.org\/wp-content\/uploads\/2023\/11\/Ida-Wahlstrom.webp&#8221; alt=&#8221;Jessica Grundstr\u00f6m Generalsekreterare Star for Life&#8221; title_text=&#8221;Ida Wahlstr\u00f6m&#8221; show_bottom_space=&#8221;off&#8221; force_fullwidth=&#8221;on&#8221; _builder_version=&#8221;4.23.4&#8243; _module_preset=&#8221;default&#8221; custom_margin=&#8221;||20px||false|false&#8221; border_radii=&#8221;on|50px|50px|50px|50px&#8221; border_radii_tablet=&#8221;on|25px|25px|25px|25px&#8221; border_radii_phone=&#8221;on|25px|25px|25px|25px&#8221; border_radii_last_edited=&#8221;on|tablet&#8221; global_colors_info=&#8221;{}&#8221; header_2_font_size_phone=&#8221;25px&#8221; header_2_font_size_last_edited=&#8221;on|phone&#8221; header_2_font_size_tablet=&#8221;30px&#8221;][\/et_pb_image][et_pb_blurb title=&#8221;Ida Wahlstr\u00f6m&#8221; image=&#8221;https:\/\/starforlife.org\/wp-content\/uploads\/2023\/08\/swedish-flag-1.svg&#8221; icon_placement=&#8221;left&#8221; content_max_width=&#8221;1100px&#8221; _builder_version=&#8221;4.24.0&#8243; _module_preset=&#8221;default&#8221; header_text_color=&#8221;#FFFFFF&#8221; body_text_color=&#8221;#FFFFFF&#8221; body_link_font=&#8221;||||on|||#FFD405|&#8221; body_link_text_color=&#8221;#FFD405&#8243; custom_margin=&#8221;||18px||false|false&#8221; custom_margin_tablet=&#8221;||40px||false|false&#8221; custom_margin_phone=&#8221;||40px||false|false&#8221; custom_margin_last_edited=&#8221;on|phone&#8221; animation=&#8221;off&#8221; custom_css_blurb_title=&#8221;margin-bottom: 0px;||padding-bottom: 0px; &#8221; global_colors_info=&#8221;{}&#8221;]<\/p>\n<p><em>Utvecklingsstrateg<\/em><\/p>\n<p><a href=\"mailto:ida@motivationslyftet.se\">ida@motivationslyftet.se<\/a><\/p>\n<p>[\/et_pb_blurb][\/et_pb_column][et_pb_column type=&#8221;1_3&#8243; _builder_version=&#8221;4.23.4&#8243; _module_preset=&#8221;default&#8221; global_colors_info=&#8221;{}&#8221;][et_pb_image src=&#8221;https:\/\/starforlife.org\/wp-content\/uploads\/2024\/01\/mattias-barsk.jpg&#8221; alt=&#8221;Jessica Grundstr\u00f6m Generalsekreterare Star for Life&#8221; title_text=&#8221;mattias-barsk&#8221; force_fullwidth=&#8221;on&#8221; _builder_version=&#8221;4.23.4&#8243; _module_preset=&#8221;default&#8221; custom_margin=&#8221;||20px||false|false&#8221; border_radii=&#8221;on|50px|50px|50px|50px&#8221; border_radii_tablet=&#8221;on|25px|25px|25px|25px&#8221; border_radii_phone=&#8221;on|25px|25px|25px|25px&#8221; border_radii_last_edited=&#8221;on|tablet&#8221; global_colors_info=&#8221;{}&#8221; header_2_font_size_phone=&#8221;25px&#8221; header_2_font_size_last_edited=&#8221;on|phone&#8221; header_2_font_size_tablet=&#8221;30px&#8221;][\/et_pb_image][et_pb_blurb title=&#8221;Mattias Barsk&#8221; image=&#8221;https:\/\/starforlife.org\/wp-content\/uploads\/2023\/08\/swedish-flag-1.svg&#8221; icon_placement=&#8221;left&#8221; content_max_width=&#8221;1100px&#8221; _builder_version=&#8221;4.24.0&#8243; _module_preset=&#8221;default&#8221; header_text_color=&#8221;#FFFFFF&#8221; body_text_color=&#8221;#FFFFFF&#8221; body_link_font=&#8221;||||on|||#FFD405|&#8221; body_link_text_color=&#8221;#FFD405&#8243; custom_margin=&#8221;||18px||false|false&#8221; custom_margin_tablet=&#8221;||40px||false|false&#8221; custom_margin_phone=&#8221;||40px||false|false&#8221; custom_margin_last_edited=&#8221;on|phone&#8221; animation=&#8221;off&#8221; custom_css_blurb_title=&#8221;margin-bottom: 0px;||padding-bottom: 0px; &#8221; global_colors_info=&#8221;{}&#8221;]<\/p>\n<p><em>Kommunikat\u00f6r<\/em><\/p>\n<p><a href=\"mailto:mattias@motivationslyftet.se\">mattias@motivationslyftet.se<\/a><\/p>\n<p>[\/et_pb_blurb][\/et_pb_column][et_pb_column type=&#8221;1_3&#8243; _builder_version=&#8221;4.23.4&#8243; _module_preset=&#8221;default&#8221; global_colors_info=&#8221;{}&#8221;][et_pb_image src=&#8221;https:\/\/starforlife.org\/wp-content\/uploads\/2021\/08\/Patric.jpg&#8221; alt=&#8221;Jessica Grundstr\u00f6m Generalsekreterare Star for Life&#8221; title_text=&#8221;Patric&#8221; force_fullwidth=&#8221;on&#8221; _builder_version=&#8221;4.23.4&#8243; _module_preset=&#8221;default&#8221; custom_margin=&#8221;||20px||false|false&#8221; border_radii=&#8221;on|50px|50px|50px|50px&#8221; border_radii_tablet=&#8221;on|25px|25px|25px|25px&#8221; border_radii_phone=&#8221;on|25px|25px|25px|25px&#8221; border_radii_last_edited=&#8221;on|tablet&#8221; global_colors_info=&#8221;{}&#8221; header_2_font_size_phone=&#8221;25px&#8221; header_2_font_size_last_edited=&#8221;on|phone&#8221; header_2_font_size_tablet=&#8221;30px&#8221;][\/et_pb_image][et_pb_blurb title=&#8221;Patric Salomonsson&#8221; image=&#8221;https:\/\/starforlife.org\/wp-content\/uploads\/2023\/08\/swedish-flag-1.svg&#8221; icon_placement=&#8221;left&#8221; content_max_width=&#8221;1100px&#8221; _builder_version=&#8221;4.24.0&#8243; _module_preset=&#8221;default&#8221; header_text_color=&#8221;#FFFFFF&#8221; body_text_color=&#8221;#FFFFFF&#8221; body_link_font=&#8221;||||on|||#FFD405|&#8221; body_link_text_color=&#8221;#FFD405&#8243; custom_margin=&#8221;||18px||false|false&#8221; custom_margin_tablet=&#8221;||40px||false|false&#8221; custom_margin_phone=&#8221;||40px||false|false&#8221; custom_margin_last_edited=&#8221;on|phone&#8221; animation=&#8221;off&#8221; custom_css_blurb_title=&#8221;margin-bottom: 0px;||padding-bottom: 0px; &#8221; global_colors_info=&#8221;{}&#8221;]<\/p>\n<p><em>Partneransvarig<\/em><\/p>\n<p><a href=\"mailto:patric@motivationslyftet.se\">patric@motivationslyftet.se<\/a><\/p>\n<p>[\/et_pb_blurb][\/et_pb_column][\/et_pb_row][\/et_pb_section]<\/p>\n","protected":false},"excerpt":{"rendered":"<p>MotivationslyftetI Sverige bedrivs Star for Life inom ramen f\u00f6r f\u00f6reningen Motivationslyftet som st\u00f6ttar elever p\u00e5 skolor i Sverige men ocks\u00e5 unga idrottare. Det gemensamma fokuset \u00e4r motivation, sj\u00e4lvk\u00e4nsla och mental h\u00e4lsa. Med Motivationslyftets metod tr\u00e4nas ungdomar i sj\u00e4lvledarskap, ansvar f\u00f6r sin utbildning och\/eller tr\u00e4ning samt f\u00f6r att f\u00f6rebygga psykisk oh\u00e4lsa. Verksamheten leds av Jana S\u00f6derberg. [&hellip;]<\/p>\n","protected":false},"author":1,"featured_media":0,"parent":0,"menu_order":0,"comment_status":"closed","ping_status":"closed","template":"","meta":{"_acf_changed":false,"_et_pb_use_builder":"on","_et_pb_old_content":"","_et_gb_content_width":"","inline_featured_image":false,"footnotes":""},"class_list":["post-40122","page","type-page","status-publish","hentry"],"acf":[],"yoast_head":"<!-- This site is optimized with the Yoast SEO plugin v27.5 - https:\/\/yoast.com\/product\/yoast-seo-wordpress\/ -->\n<title>Motivationslyftet | Star for Life<\/title>\n<meta name=\"robots\" content=\"index, follow, max-snippet:-1, max-image-preview:large, max-video-preview:-1\" \/>\n<link rel=\"canonical\" href=\"https:\/\/starforlife.org\/motivationslyftet\/\" \/>\n<meta property=\"og:locale\" content=\"sv_SE\" \/>\n<meta property=\"og:type\" content=\"article\" \/>\n<meta property=\"og:title\" content=\"Motivationslyftet | Star for Life\" \/>\n<meta property=\"og:description\" content=\"MotivationslyftetI Sverige bedrivs Star for Life inom ramen f\u00f6r f\u00f6reningen Motivationslyftet som st\u00f6ttar elever p\u00e5 skolor i Sverige men ocks\u00e5 unga idrottare. Det gemensamma fokuset \u00e4r motivation, sj\u00e4lvk\u00e4nsla och mental h\u00e4lsa. Med Motivationslyftets metod tr\u00e4nas ungdomar i sj\u00e4lvledarskap, ansvar f\u00f6r sin utbildning och\/eller tr\u00e4ning samt f\u00f6r att f\u00f6rebygga psykisk oh\u00e4lsa. Verksamheten leds av Jana S\u00f6derberg. [&hellip;]\" \/>\n<meta property=\"og:site_name\" content=\"Star for Life\" \/>\n<meta property=\"article:publisher\" content=\"https:\/\/www.facebook.com\/starforlifeofficial\" \/>\n<meta property=\"article:modified_time\" content=\"2025-04-09T15:41:53+00:00\" \/>\n<meta property=\"og:image\" content=\"https:\/\/starforlife.org\/wp-content\/uploads\/2023\/08\/kufezekile.webp\" \/>\n\t<meta property=\"og:image:width\" content=\"1920\" \/>\n\t<meta property=\"og:image:height\" content=\"1440\" \/>\n\t<meta property=\"og:image:type\" content=\"image\/webp\" \/>\n<meta name=\"twitter:card\" content=\"summary_large_image\" \/>\n<script type=\"application\/ld+json\" class=\"yoast-schema-graph\">{\"@context\":\"https:\\\/\\\/schema.org\",\"@graph\":[{\"@type\":\"WebPage\",\"@id\":\"https:\\\/\\\/starforlife.org\\\/motivationslyftet\\\/\",\"url\":\"https:\\\/\\\/starforlife.org\\\/motivationslyftet\\\/\",\"name\":\"Motivationslyftet | Star for Life\",\"isPartOf\":{\"@id\":\"https:\\\/\\\/starforlife.org\\\/#website\"},\"datePublished\":\"2025-03-14T13:09:42+00:00\",\"dateModified\":\"2025-04-09T15:41:53+00:00\",\"inLanguage\":\"sv-SE\",\"potentialAction\":[{\"@type\":\"ReadAction\",\"target\":[\"https:\\\/\\\/starforlife.org\\\/motivationslyftet\\\/\"]}]},{\"@type\":\"WebSite\",\"@id\":\"https:\\\/\\\/starforlife.org\\\/#website\",\"url\":\"https:\\\/\\\/starforlife.org\\\/\",\"name\":\"Star for Life\",\"description\":\"Empowering young people\",\"publisher\":{\"@id\":\"https:\\\/\\\/starforlife.org\\\/#organization\"},\"alternateName\":\"SFL\",\"potentialAction\":[{\"@type\":\"SearchAction\",\"target\":{\"@type\":\"EntryPoint\",\"urlTemplate\":\"https:\\\/\\\/starforlife.org\\\/?s={search_term_string}\"},\"query-input\":{\"@type\":\"PropertyValueSpecification\",\"valueRequired\":true,\"valueName\":\"search_term_string\"}}],\"inLanguage\":\"sv-SE\"},{\"@type\":\"Organization\",\"@id\":\"https:\\\/\\\/starforlife.org\\\/#organization\",\"name\":\"Star for life\",\"url\":\"https:\\\/\\\/starforlife.org\\\/\",\"logo\":{\"@type\":\"ImageObject\",\"inLanguage\":\"sv-SE\",\"@id\":\"https:\\\/\\\/starforlife.org\\\/#\\\/schema\\\/logo\\\/image\\\/\",\"url\":\"https:\\\/\\\/starforlife.org\\\/wp-content\\\/uploads\\\/2024\\\/02\\\/logga.svg\",\"contentUrl\":\"https:\\\/\\\/starforlife.org\\\/wp-content\\\/uploads\\\/2024\\\/02\\\/logga.svg\",\"width\":\"1024\",\"height\":\"1024\",\"caption\":\"Star for life\"},\"image\":{\"@id\":\"https:\\\/\\\/starforlife.org\\\/#\\\/schema\\\/logo\\\/image\\\/\"},\"sameAs\":[\"https:\\\/\\\/www.facebook.com\\\/starforlifeofficial\",\"https:\\\/\\\/www.linkedin.com\\\/company\\\/7063029\\\/\"]}]}<\/script>\n<!-- \/ Yoast SEO plugin. -->","yoast_head_json":{"title":"Motivationslyftet | Star for Life","robots":{"index":"index","follow":"follow","max-snippet":"max-snippet:-1","max-image-preview":"max-image-preview:large","max-video-preview":"max-video-preview:-1"},"canonical":"https:\/\/starforlife.org\/motivationslyftet\/","og_locale":"sv_SE","og_type":"article","og_title":"Motivationslyftet | Star for Life","og_description":"MotivationslyftetI Sverige bedrivs Star for Life inom ramen f\u00f6r f\u00f6reningen Motivationslyftet som st\u00f6ttar elever p\u00e5 skolor i Sverige men ocks\u00e5 unga idrottare. Det gemensamma fokuset \u00e4r motivation, sj\u00e4lvk\u00e4nsla och mental h\u00e4lsa. Med Motivationslyftets metod tr\u00e4nas ungdomar i sj\u00e4lvledarskap, ansvar f\u00f6r sin utbildning och\/eller tr\u00e4ning samt f\u00f6r att f\u00f6rebygga psykisk oh\u00e4lsa. Verksamheten leds av Jana S\u00f6derberg. [&hellip;]","og_site_name":"Star for Life","article_publisher":"https:\/\/www.facebook.com\/starforlifeofficial","article_modified_time":"2025-04-09T15:41:53+00:00","og_image":[{"width":1920,"height":1440,"url":"https:\/\/starforlife.org\/wp-content\/uploads\/2023\/08\/kufezekile.webp","type":"image\/webp"}],"twitter_card":"summary_large_image","schema":{"@context":"https:\/\/schema.org","@graph":[{"@type":"WebPage","@id":"https:\/\/starforlife.org\/motivationslyftet\/","url":"https:\/\/starforlife.org\/motivationslyftet\/","name":"Motivationslyftet | Star for Life","isPartOf":{"@id":"https:\/\/starforlife.org\/#website"},"datePublished":"2025-03-14T13:09:42+00:00","dateModified":"2025-04-09T15:41:53+00:00","inLanguage":"sv-SE","potentialAction":[{"@type":"ReadAction","target":["https:\/\/starforlife.org\/motivationslyftet\/"]}]},{"@type":"WebSite","@id":"https:\/\/starforlife.org\/#website","url":"https:\/\/starforlife.org\/","name":"Star for Life","description":"Empowering young people","publisher":{"@id":"https:\/\/starforlife.org\/#organization"},"alternateName":"SFL","potentialAction":[{"@type":"SearchAction","target":{"@type":"EntryPoint","urlTemplate":"https:\/\/starforlife.org\/?s={search_term_string}"},"query-input":{"@type":"PropertyValueSpecification","valueRequired":true,"valueName":"search_term_string"}}],"inLanguage":"sv-SE"},{"@type":"Organization","@id":"https:\/\/starforlife.org\/#organization","name":"Star for life","url":"https:\/\/starforlife.org\/","logo":{"@type":"ImageObject","inLanguage":"sv-SE","@id":"https:\/\/starforlife.org\/#\/schema\/logo\/image\/","url":"https:\/\/starforlife.org\/wp-content\/uploads\/2024\/02\/logga.svg","contentUrl":"https:\/\/starforlife.org\/wp-content\/uploads\/2024\/02\/logga.svg","width":"1024","height":"1024","caption":"Star for life"},"image":{"@id":"https:\/\/starforlife.org\/#\/schema\/logo\/image\/"},"sameAs":["https:\/\/www.facebook.com\/starforlifeofficial","https:\/\/www.linkedin.com\/company\/7063029\/"]}]}},"_links":{"self":[{"href":"https:\/\/starforlife.org\/sv\/wp-json\/wp\/v2\/pages\/40122","targetHints":{"allow":["GET"]}}],"collection":[{"href":"https:\/\/starforlife.org\/sv\/wp-json\/wp\/v2\/pages"}],"about":[{"href":"https:\/\/starforlife.org\/sv\/wp-json\/wp\/v2\/types\/page"}],"author":[{"embeddable":true,"href":"https:\/\/starforlife.org\/sv\/wp-json\/wp\/v2\/users\/1"}],"replies":[{"embeddable":true,"href":"https:\/\/starforlife.org\/sv\/wp-json\/wp\/v2\/comments?post=40122"}],"version-history":[{"count":5,"href":"https:\/\/starforlife.org\/sv\/wp-json\/wp\/v2\/pages\/40122\/revisions"}],"predecessor-version":[{"id":40553,"href":"https:\/\/starforlife.org\/sv\/wp-json\/wp\/v2\/pages\/40122\/revisions\/40553"}],"wp:attachment":[{"href":"https:\/\/starforlife.org\/sv\/wp-json\/wp\/v2\/media?parent=40122"}],"curies":[{"name":"wp","href":"https:\/\/api.w.org\/{rel}","templated":true}]}}