{"id":40081,"date":"2025-03-14T13:59:12","date_gmt":"2025-03-14T12:59:12","guid":{"rendered":"https:\/\/starforlife.org\/?page_id=40081"},"modified":"2025-06-09T08:43:13","modified_gmt":"2025-06-09T07:43:13","slug":"sfl-international","status":"publish","type":"page","link":"https:\/\/starforlife.org\/sv\/sfl-international\/","title":{"rendered":"Vi som jobbar i SFL International"},"content":{"rendered":"<p>[et_pb_section fb_built=&#8221;1&#8243; custom_padding_last_edited=&#8221;on|phone&#8221; admin_label=&#8221;Sverige&#8221; _builder_version=&#8221;4.25.2&#8243; _module_preset=&#8221;default&#8221; background_color=&#8221;rgba(0,0,0,0.82)&#8221; background_image=&#8221;https:\/\/starforlife.org\/wp-content\/uploads\/2024\/06\/world-map-scaled.webp&#8221; background_blend=&#8221;multiply&#8221; custom_padding=&#8221;||75px|||&#8221; custom_padding_tablet=&#8221;||75px|||&#8221; custom_padding_phone=&#8221;0px||40px||false|false&#8221; locked=&#8221;off&#8221; global_colors_info=&#8221;{}&#8221;][et_pb_row _builder_version=&#8221;4.24.0&#8243; _module_preset=&#8221;default&#8221; global_colors_info=&#8221;{}&#8221;][et_pb_column type=&#8221;4_4&#8243; _builder_version=&#8221;4.22.0&#8243; _module_preset=&#8221;default&#8221; global_colors_info=&#8221;{}&#8221;][et_pb_text content_tablet=&#8221;<\/p>\n<h2>SFL International and Star for Life Foundation<\/h2>\n<p>&#8221; content_phone=&#8221;<\/p>\n<h2>SFL International <br \/>and Star for Life Foundation<\/h2>\n<p>&#8221; content_last_edited=&#8221;on|phone&#8221; _builder_version=&#8221;4.25.2&#8243; _module_preset=&#8221;default&#8221; header_2_text_align=&#8221;center&#8221; header_2_text_color=&#8221;#FFFFFF&#8221; background_enable_image=&#8221;off&#8221; width=&#8221;45%&#8221; width_tablet=&#8221;77%&#8221; width_phone=&#8221;100%&#8221; width_last_edited=&#8221;on|phone&#8221; module_alignment=&#8221;center&#8221; custom_margin=&#8221;||0px||false|false&#8221; custom_padding=&#8221;||0px||false|false&#8221; header_2_font_size_tablet=&#8221;&#8221; header_2_font_size_phone=&#8221;25px&#8221; header_2_font_size_last_edited=&#8221;on|phone&#8221; global_colors_info=&#8221;{}&#8221;]<\/p>\n<h2>SFL International<\/h2>\n<p>[\/et_pb_text][et_pb_text _builder_version=&#8221;4.25.2&#8243; _module_preset=&#8221;default&#8221; text_text_color=&#8221;#FFFFFF&#8221; link_font=&#8221;||||on|||#FFD405|&#8221; link_text_color=&#8221;#FFD405&#8243; text_orientation=&#8221;center&#8221; width=&#8221;57%&#8221; width_tablet=&#8221;100%&#8221; width_phone=&#8221;100%&#8221; width_last_edited=&#8221;on|phone&#8221; module_alignment=&#8221;center&#8221; custom_margin=&#8221;||30px||false|false&#8221; global_colors_info=&#8221;{}&#8221;]<\/p>\n<p>SFL International \u00e4r en ideell f\u00f6rening och paraplyorganisation med samordnings- och ledningsansvar f\u00f6r verksamheten i Star for Lifes olika l\u00e4nder. Verksamheten leds av generalsekreteraren med st\u00f6d av denna ledningsgrupp.<\/p>\n<p>[\/et_pb_text][et_pb_text _builder_version=&#8221;4.24.0&#8243; _module_preset=&#8221;default&#8221; text_text_color=&#8221;#FFFFFF&#8221; link_font=&#8221;||||on|||#FFD405|&#8221; link_text_color=&#8221;#FFD405&#8243; text_orientation=&#8221;center&#8221; width=&#8221;35%&#8221; width_tablet=&#8221;60%&#8221; width_phone=&#8221;100%&#8221; width_last_edited=&#8221;on|phone&#8221; module_alignment=&#8221;center&#8221; custom_margin=&#8221;||30px||false|false&#8221; global_colors_info=&#8221;{}&#8221;]Vasagatan 7, 6 tr, 111 20 Stockholm<br \/>\n<a href=\"mailto:info@starforlife.se\">info@starforlife.se<\/a>[\/et_pb_text][\/et_pb_column][\/et_pb_row][et_pb_row column_structure=&#8221;1_3,1_3,1_3&#8243; use_custom_gutter=&#8221;on&#8221; make_equal=&#8221;on&#8221; custom_padding_last_edited=&#8221;on|phone&#8221; _builder_version=&#8221;4.24.0&#8243; _module_preset=&#8221;default&#8221; width=&#8221;90%&#8221; width_tablet=&#8221;90%&#8221; width_phone=&#8221;85%&#8221; width_last_edited=&#8221;on|phone&#8221; max_width=&#8221;1280px&#8221; custom_margin=&#8221;|auto|11px|auto|false|false&#8221; custom_margin_tablet=&#8221;|auto|11px|auto|false|false&#8221; custom_margin_phone=&#8221;|auto|0px|auto|false|false&#8221; custom_margin_last_edited=&#8221;on|phone&#8221; custom_padding=&#8221;||40px||false|false&#8221; custom_padding_tablet=&#8221;0px||40px||false|false&#8221; custom_padding_phone=&#8221;0px||40px|0px|false|false&#8221; global_colors_info=&#8221;{}&#8221;][et_pb_column type=&#8221;1_3&#8243; _builder_version=&#8221;4.22.0&#8243; _module_preset=&#8221;default&#8221; global_colors_info=&#8221;{}&#8221;][et_pb_image src=&#8221;https:\/\/starforlife.org\/wp-content\/uploads\/2024\/04\/dan.webp&#8221; alt=&#8221;Jessica Grundstr\u00f6m Generalsekreterare Star for Life&#8221; title_text=&#8221;dan&#8221; show_bottom_space=&#8221;off&#8221; _builder_version=&#8221;4.24.2&#8243; _module_preset=&#8221;default&#8221; custom_margin=&#8221;||20px||false|false&#8221; border_radii=&#8221;on|50px|50px|50px|50px&#8221; border_radii_tablet=&#8221;on|25px|25px|25px|25px&#8221; border_radii_phone=&#8221;on|25px|25px|25px|25px&#8221; border_radii_last_edited=&#8221;on|tablet&#8221; global_colors_info=&#8221;{}&#8221;][\/et_pb_image][et_pb_text _builder_version=&#8221;4.25.2&#8243; _module_preset=&#8221;default&#8221; text_text_color=&#8221;#FFFFFF&#8221; header_4_text_color=&#8221;#FFFFFF&#8221; header_4_font_size=&#8221;20px&#8221; custom_margin=&#8221;||20px||false|false&#8221; custom_css_free_form=&#8221;h4 {margin-bottom: -8px; }&#8221; global_colors_info=&#8221;{}&#8221;]<\/p>\n<h4>Dan Olofsson<\/h4>\n<p><em>Founder and Chairman<\/em><\/p>\n<p>[\/et_pb_text][et_pb_text _builder_version=&#8221;4.25.2&#8243; _module_preset=&#8221;default&#8221; text_font=&#8221;||||||||&#8221; text_text_color=&#8221;#FFFFFF&#8221; text_font_size=&#8221;14px&#8221; text_line_height=&#8221;1.5em&#8221; link_font=&#8221;||||on|||#FFD405|&#8221; link_text_color=&#8221;#FFD405&#8243; header_4_text_align=&#8221;left&#8221; custom_margin_tablet=&#8221;||40px||false|false&#8221; custom_margin_phone=&#8221;||40px||false|false&#8221; custom_margin_last_edited=&#8221;on|tablet&#8221; text_font_size_tablet=&#8221;15px&#8221; text_font_size_phone=&#8221;15px&#8221; text_font_size_last_edited=&#8221;on|phone&#8221; global_colors_info=&#8221;{}&#8221;]<\/p>\n<p>Grunden f\u00f6r Star for Life lades n\u00e4r Dan och Christin startade Thanda Safari i sydafrikanska KwaZulu-Natal. F\u00f6r trots att paret befann sig i paradiset med vacker natur och vilda djur blev de snart varse att m\u00e5nga av deras anst\u00e4llda, ocks\u00e5 de unga insjuknat i hiv och d\u00f6tt av aids. F\u00f6r att \u00f6ka kunskapen om smittspridning s\u00e5 tidigt i livet som m\u00f6jligt invigdes ett f\u00f6rsta skolprogram 2005. Idag, n\u00e4stan 20 \u00e5r senare \u00e4r engagemanget fortsatt stort och Dan \u00e4r v\u00e5r styrelseordf\u00f6rande.<\/p>\n<p><a href=\"mailto:dan.olofsson@danir.com\">dan.olofsson@danir.com<\/a><\/p>\n<p>[\/et_pb_text][\/et_pb_column][et_pb_column type=&#8221;1_3&#8243; _builder_version=&#8221;4.22.0&#8243; _module_preset=&#8221;default&#8221; global_colors_info=&#8221;{}&#8221;][et_pb_image src=&#8221;https:\/\/starforlife.org\/wp-content\/uploads\/2023\/11\/IMG_5785-kopiera.webp&#8221; alt=&#8221;Jessica Grundstr\u00f6m Generalsekreterare Star for Life &#8211; EJ \u00d6VERSATT -&#8221; title_text=&#8221;IMG_5785 kopiera&#8221; show_bottom_space=&#8221;off&#8221; _builder_version=&#8221;4.23.4&#8243; _module_preset=&#8221;default&#8221; custom_margin=&#8221;||20px||false|false&#8221; border_radii=&#8221;on|50px|50px|50px|50px&#8221; border_radii_tablet=&#8221;on|25px|25px|25px|25px&#8221; border_radii_phone=&#8221;on|25px|25px|25px|25px&#8221; border_radii_last_edited=&#8221;on|tablet&#8221; global_colors_info=&#8221;{}&#8221;][\/et_pb_image][et_pb_text _builder_version=&#8221;4.25.2&#8243; _module_preset=&#8221;default&#8221; text_text_color=&#8221;#FFFFFF&#8221; header_4_text_color=&#8221;#FFFFFF&#8221; header_4_font_size=&#8221;20px&#8221; custom_margin=&#8221;||20px||false|false&#8221; custom_css_free_form=&#8221;h4 {margin-bottom: -8px; }&#8221; global_colors_info=&#8221;{}&#8221;]<\/p>\n<h4>Jessica Grundstr\u00f6m Ahldin<\/h4>\n<p><em>Secretary General<\/em><\/p>\n<p>[\/et_pb_text][et_pb_text _builder_version=&#8221;4.25.2&#8243; _module_preset=&#8221;default&#8221; text_font=&#8221;||||||||&#8221; text_text_color=&#8221;#FFFFFF&#8221; text_font_size=&#8221;14px&#8221; text_line_height=&#8221;1.5em&#8221; link_font=&#8221;||||on|||#FFD405|&#8221; link_text_color=&#8221;#FFD405&#8243; header_4_text_align=&#8221;left&#8221; custom_margin_tablet=&#8221;||40px||false|false&#8221; custom_margin_phone=&#8221;||40px||false|false&#8221; custom_margin_last_edited=&#8221;on|tablet&#8221; text_font_size_tablet=&#8221;15px&#8221; text_font_size_phone=&#8221;15px&#8221; text_font_size_last_edited=&#8221;on|phone&#8221; global_colors_info=&#8221;{}&#8221;]<\/p>\n<p>Som generalsekretare \u00e4r Jessica ytterst ansvarig f\u00f6r verksamhetsstyrning, internationell samverkan, nya samarbeten, budget och personal. Innan hon rekryterades till Star for Life grundade hon b\u00e5de den ideella organisationen Drivkraft Malm\u00f6 och kunskapsprojektet Transfer \u00d6resund. Dessutom har Jessica tjugo \u00e5rs erfarenhet som egenf\u00f6retagare inom ledarskap, marknad, media och f\u00f6rs\u00e4ljning.<\/p>\n<p style=\"font-weight: 400;\"><a href=\"mailto:jessica@starforlife.se\">jessica@starforlife.se<\/a><br \/>+46 (0)70 811 29 30<\/p>\n<p>[\/et_pb_text][\/et_pb_column][et_pb_column type=&#8221;1_3&#8243; _builder_version=&#8221;4.22.0&#8243; _module_preset=&#8221;default&#8221; global_colors_info=&#8221;{}&#8221;][et_pb_image src=&#8221;https:\/\/starforlife.org\/wp-content\/uploads\/2024\/06\/philip-de-croy-1.webp&#8221; alt=&#8221;Jessica Grundstr\u00f6m Generalsekreterare Star for Life&#8221; title_text=&#8221;philip-de-croy-1&#8243; show_bottom_space=&#8221;off&#8221; _builder_version=&#8221;4.25.2&#8243; _module_preset=&#8221;default&#8221; custom_margin=&#8221;||20px||false|false&#8221; border_radii=&#8221;on|50px|50px|50px|50px&#8221; border_radii_tablet=&#8221;on|25px|25px|25px|25px&#8221; border_radii_phone=&#8221;on|25px|25px|25px|25px&#8221; border_radii_last_edited=&#8221;on|tablet&#8221; global_colors_info=&#8221;{}&#8221;][\/et_pb_image][et_pb_text _builder_version=&#8221;4.27.3&#8243; _module_preset=&#8221;default&#8221; text_text_color=&#8221;#FFFFFF&#8221; header_4_text_color=&#8221;#FFFFFF&#8221; header_4_font_size=&#8221;20px&#8221; custom_margin=&#8221;||20px||false|false&#8221; custom_css_free_form=&#8221;h4 {margin-bottom: -8px; }&#8221; global_colors_info=&#8221;{}&#8221;]<\/p>\n<h4>Philip de Croy<\/h4>\n<p><em>Deputy Secretary General<br \/>&amp; Head of Communications<\/em><\/p>\n<p>[\/et_pb_text][et_pb_text _builder_version=&#8221;4.27.4&#8243; _module_preset=&#8221;default&#8221; text_font=&#8221;||||||||&#8221; text_text_color=&#8221;#FFFFFF&#8221; text_font_size=&#8221;14px&#8221; text_line_height=&#8221;1.5em&#8221; link_font=&#8221;||||on|||#FFD405|&#8221; link_text_color=&#8221;#FFD405&#8243; header_4_text_align=&#8221;left&#8221; text_font_size_tablet=&#8221;15px&#8221; text_font_size_phone=&#8221;15px&#8221; text_font_size_last_edited=&#8221;on|phone&#8221; global_colors_info=&#8221;{}&#8221;]<\/p>\n<p>Philip bitr\u00e4der Jessica i ledarskapet f\u00f6r Star for Life och \u00e4r chef f\u00f6r kommunikation, musik och program. Han har studerat m\u00e4nskliga r\u00e4ttigheter och religionsvetenskap, har en bakgrund som PR-ansvarig p\u00e5 konserthus och tv-program och har dessutom erfarenhet fr\u00e5n b\u00e5de styrelsearbete och FN. Utanf\u00f6r Star for Life \u00e4r han k\u00e4nd fr\u00e5n media som f\u00f6rfattare och teolog.<\/p>\n<p><a href=\"mailto:philip@starforlife.se\">philip@starforlife.se<\/a><br \/>+46 (0)72 987 28 72<\/p>\n<p>[\/et_pb_text][\/et_pb_column][\/et_pb_row][et_pb_row column_structure=&#8221;1_3,1_3,1_3&#8243; use_custom_gutter=&#8221;on&#8221; make_equal=&#8221;on&#8221; custom_padding_last_edited=&#8221;on|phone&#8221; _builder_version=&#8221;4.25.2&#8243; _module_preset=&#8221;default&#8221; width=&#8221;90%&#8221; width_tablet=&#8221;90%&#8221; width_phone=&#8221;85%&#8221; width_last_edited=&#8221;on|phone&#8221; max_width=&#8221;1280px&#8221; custom_margin=&#8221;|auto|11px|auto|false|false&#8221; custom_margin_tablet=&#8221;|auto|11px|auto|false|false&#8221; custom_margin_phone=&#8221;|auto|0px|auto|false|false&#8221; custom_margin_last_edited=&#8221;on|phone&#8221; custom_padding=&#8221;||40px||false|false&#8221; custom_padding_tablet=&#8221;0px||40px||false|false&#8221; custom_padding_phone=&#8221;0px||40px|0px|false|false&#8221; global_colors_info=&#8221;{}&#8221;][et_pb_column type=&#8221;1_3&#8243; _builder_version=&#8221;4.22.0&#8243; _module_preset=&#8221;default&#8221; global_colors_info=&#8221;{}&#8221;][et_pb_image src=&#8221;https:\/\/starforlife.org\/wp-content\/uploads\/2023\/11\/Ida-Wahlstrom.webp&#8221; alt=&#8221;Jessica Grundstr\u00f6m Generalsekreterare Star for Life &#8211; EJ \u00d6VERSATT -&#8221; title_text=&#8221;Ida Wahlstr\u00f6m&#8221; show_bottom_space=&#8221;off&#8221; _builder_version=&#8221;4.23.4&#8243; _module_preset=&#8221;default&#8221; custom_margin=&#8221;||20px||false|false&#8221; border_radii=&#8221;on|50px|50px|50px|50px&#8221; border_radii_tablet=&#8221;on|25px|25px|25px|25px&#8221; border_radii_phone=&#8221;on|25px|25px|25px|25px&#8221; border_radii_last_edited=&#8221;on|tablet&#8221; global_colors_info=&#8221;{}&#8221;][\/et_pb_image][et_pb_text _builder_version=&#8221;4.27.4&#8243; _module_preset=&#8221;default&#8221; text_text_color=&#8221;#FFFFFF&#8221; header_4_text_color=&#8221;#FFFFFF&#8221; header_4_font_size=&#8221;20px&#8221; custom_margin=&#8221;||20px||false|false&#8221; hover_enabled=&#8221;0&#8243; custom_css_free_form=&#8221;h4 {margin-bottom: -8px; }&#8221; global_colors_info=&#8221;{}&#8221; sticky_enabled=&#8221;0&#8243;]<\/p>\n<h4>Ida Wahlstr\u00f6m<\/h4>\n<p><em>Head of Program Development<\/em><\/p>\n<p>[\/et_pb_text][et_pb_text _builder_version=&#8221;4.27.4&#8243; _module_preset=&#8221;default&#8221; text_font=&#8221;||||||||&#8221; text_text_color=&#8221;#FFFFFF&#8221; text_font_size=&#8221;14px&#8221; text_line_height=&#8221;1.5em&#8221; link_font=&#8221;||||on|||#FFD405|&#8221; link_text_color=&#8221;#FFD405&#8243; header_4_text_align=&#8221;left&#8221; width=&#8221;96%&#8221; custom_margin_tablet=&#8221;||40px||false|false&#8221; custom_margin_phone=&#8221;||40px||false|false&#8221; custom_margin_last_edited=&#8221;on|tablet&#8221; text_font_size_tablet=&#8221;15px&#8221; text_font_size_phone=&#8221;15px&#8221; text_font_size_last_edited=&#8221;on|phone&#8221; global_colors_info=&#8221;{}&#8221;]<\/p>\n<p>Som <span>programutvecklingschef <\/span> samordnar och utvecklar Ida Star for Lifes skolprogram. Dessutom ansvarar Ida f\u00f6r arbetet med ans\u00f6kningar till institutionella givare och internationella organ. Som bakgrund har Ida b\u00e5de en kandidatexamen i internationell politik fr\u00e5n Georgetown University och en masterexamen i internationellt utvecklingssamarbete och management vid Lunds universitet.<\/p>\n<p><a href=\"mailto:ida@starforlife.se\">ida@starforlife.se<\/a><br \/>+46 (0)70 337 40 77<\/p>\n<p>[\/et_pb_text][\/et_pb_column][et_pb_column type=&#8221;1_3&#8243; _builder_version=&#8221;4.22.0&#8243; _module_preset=&#8221;default&#8221; global_colors_info=&#8221;{}&#8221;][et_pb_image src=&#8221;https:\/\/starforlife.org\/wp-content\/uploads\/2023\/11\/SfL_Per-5-kopiera.webp&#8221; alt=&#8221;Jessica Grundstr\u00f6m Generalsekreterare Star for Life &#8211; EJ \u00d6VERSATT -&#8221; title_text=&#8221;SfL_Per 5 kopiera&#8221; show_bottom_space=&#8221;off&#8221; _builder_version=&#8221;4.23.4&#8243; _module_preset=&#8221;default&#8221; custom_margin=&#8221;||20px||false|false&#8221; border_radii=&#8221;on|50px|50px|50px|50px&#8221; border_radii_tablet=&#8221;on|25px|25px|25px|25px&#8221; border_radii_phone=&#8221;on|25px|25px|25px|25px&#8221; border_radii_last_edited=&#8221;on|tablet&#8221; global_colors_info=&#8221;{}&#8221;][\/et_pb_image][et_pb_text _builder_version=&#8221;4.25.2&#8243; _module_preset=&#8221;default&#8221; text_text_color=&#8221;#FFFFFF&#8221; header_4_text_color=&#8221;#FFFFFF&#8221; header_4_font_size=&#8221;20px&#8221; custom_margin=&#8221;||20px||false|false&#8221; custom_css_free_form=&#8221;h4 {margin-bottom: -8px; }&#8221; global_colors_info=&#8221;{}&#8221;]<\/p>\n<h4>Per Strand, PhD<\/h4>\n<p><i>Head of Research<\/i><\/p>\n<p>[\/et_pb_text][et_pb_text _builder_version=&#8221;4.25.2&#8243; _module_preset=&#8221;default&#8221; text_font=&#8221;||||||||&#8221; text_text_color=&#8221;#FFFFFF&#8221; text_font_size=&#8221;14px&#8221; text_line_height=&#8221;1.5em&#8221; link_font=&#8221;||||on|||#FFD405|&#8221; link_text_color=&#8221;#FFD405&#8243; header_4_text_align=&#8221;left&#8221; custom_margin_tablet=&#8221;||40px||false|false&#8221; custom_margin_phone=&#8221;||40px||false|false&#8221; custom_margin_last_edited=&#8221;on|tablet&#8221; text_font_size_tablet=&#8221;15px&#8221; text_font_size_phone=&#8221;15px&#8221; text_font_size_last_edited=&#8221;on|phone&#8221; global_colors_info=&#8221;{}&#8221;]Som forskningschef ansvar Per ansvarar Per f\u00f6r aktivitetsrapportering (monitoring) och effektm\u00e4tning (evaluation). Per \u00e4r Fil. dr. i statsvetenskap, har forskat p\u00e5 politiska aspekter av HIV\/AIDS vid Cape Town University och varit b\u00e5de forskningsledare f\u00f6r AIDS Accountability International och verksamhetschef f\u00f6r Star for Life i Afrika. <\/p>\n<p><a href=\"mailto:per@starforlife.se\">per@starforlife.se<\/a><br \/>\n+46 (0)73 68 22 830[\/et_pb_text][\/et_pb_column][et_pb_column type=&#8221;1_3&#8243; _builder_version=&#8221;4.22.0&#8243; _module_preset=&#8221;default&#8221; global_colors_info=&#8221;{}&#8221;][et_pb_image src=&#8221;https:\/\/starforlife.org\/wp-content\/uploads\/2021\/08\/Jorgen.jpg&#8221; alt=&#8221;Jessica Grundstr\u00f6m Generalsekreterare Star for Life &#8211; EJ \u00d6VERSATT -&#8221; title_text=&#8221;Jorgen&#8221; show_bottom_space=&#8221;off&#8221; _builder_version=&#8221;4.23.4&#8243; _module_preset=&#8221;default&#8221; custom_margin=&#8221;||20px||false|false&#8221; border_radii=&#8221;on|50px|50px|50px|50px&#8221; border_radii_tablet=&#8221;on|25px|25px|25px|25px&#8221; border_radii_phone=&#8221;on|25px|25px|25px|25px&#8221; border_radii_last_edited=&#8221;on|tablet&#8221; global_colors_info=&#8221;{}&#8221;][\/et_pb_image][et_pb_text _builder_version=&#8221;4.25.2&#8243; _module_preset=&#8221;default&#8221; text_text_color=&#8221;#FFFFFF&#8221; header_4_text_color=&#8221;#FFFFFF&#8221; header_4_font_size=&#8221;20px&#8221; custom_margin=&#8221;||20px||false|false&#8221; custom_css_free_form=&#8221;h4 {margin-bottom: -8px; }&#8221; global_colors_info=&#8221;{}&#8221;]<\/p>\n<h4>J\u00f8rgen Klafstad<\/h4>\n<p><em>Fundraising Advisor<\/em><\/p>\n<p>[\/et_pb_text][et_pb_text _builder_version=&#8221;4.25.2&#8243; _module_preset=&#8221;default&#8221; text_font=&#8221;||||||||&#8221; text_text_color=&#8221;#FFFFFF&#8221; text_font_size=&#8221;14px&#8221; text_line_height=&#8221;1.5em&#8221; link_font=&#8221;||||on|||#FFD405|&#8221; link_text_color=&#8221;#FFD405&#8243; header_4_text_align=&#8221;left&#8221; custom_margin_tablet=&#8221;||40px||false|false&#8221; custom_margin_phone=&#8221;||40px||false|false&#8221; custom_margin_last_edited=&#8221;on|tablet&#8221; text_font_size_tablet=&#8221;15px&#8221; text_font_size_phone=&#8221;15px&#8221; text_font_size_last_edited=&#8221;on|phone&#8221; global_colors_info=&#8221;{}&#8221;]J\u00f8rgen \u00e4r v\u00e5r r\u00e5dgivare f\u00f6r global insamling och partnerskap. I botten har han en utbildning som marknadsekonom fr\u00e5n IHM men ocks\u00e5 en gedigen bakgrund som chef inom media-och kommunikationsbranschen. J\u00f8rgen \u00e4r \u00e4ven f\u00f6rfattare och certifierad NLP coach. <\/p>\n<p><a href=\"mailto:jorgen@starforlife.org\">jorgen@starforlife.org<\/a><br \/>\n+47 (0)91 698 342[\/et_pb_text][\/et_pb_column][\/et_pb_row][\/et_pb_section]<\/p>\n","protected":false},"excerpt":{"rendered":"<p>SFL InternationalSFL International \u00e4r en ideell f\u00f6rening och paraplyorganisation med samordnings- och ledningsansvar f\u00f6r verksamheten i Star for Lifes olika l\u00e4nder. Verksamheten leds av generalsekreteraren med st\u00f6d av denna ledningsgrupp.Vasagatan 7, 6 tr, 111 20 Stockholm info@starforlife.seDan Olofsson Founder and ChairmanGrunden f\u00f6r Star for Life lades n\u00e4r Dan och Christin startade Thanda Safari i sydafrikanska [&hellip;]<\/p>\n","protected":false},"author":1,"featured_media":0,"parent":0,"menu_order":0,"comment_status":"closed","ping_status":"closed","template":"","meta":{"_acf_changed":false,"_et_pb_use_builder":"on","_et_pb_old_content":"","_et_gb_content_width":"","inline_featured_image":false,"footnotes":""},"class_list":["post-40081","page","type-page","status-publish","hentry"],"acf":[],"yoast_head":"<!-- This site is optimized with the Yoast SEO plugin v27.5 - https:\/\/yoast.com\/product\/yoast-seo-wordpress\/ -->\n<title>Vi som jobbar i SFL International | Star for Life<\/title>\n<meta name=\"robots\" content=\"index, follow, max-snippet:-1, max-image-preview:large, max-video-preview:-1\" \/>\n<link rel=\"canonical\" href=\"https:\/\/starforlife.org\/sfl-international-staff\/\" \/>\n<meta property=\"og:locale\" content=\"sv_SE\" \/>\n<meta property=\"og:type\" content=\"article\" \/>\n<meta property=\"og:title\" content=\"Vi som jobbar i SFL International | Star for Life\" \/>\n<meta property=\"og:description\" content=\"SFL InternationalSFL International \u00e4r en ideell f\u00f6rening och paraplyorganisation med samordnings- och ledningsansvar f\u00f6r verksamheten i Star for Lifes olika l\u00e4nder. Verksamheten leds av generalsekreteraren med st\u00f6d av denna ledningsgrupp.Vasagatan 7, 6 tr, 111 20 Stockholm info@starforlife.seDan Olofsson Founder and ChairmanGrunden f\u00f6r Star for Life lades n\u00e4r Dan och Christin startade Thanda Safari i sydafrikanska [&hellip;]\" \/>\n<meta property=\"og:site_name\" content=\"Star for Life\" \/>\n<meta property=\"article:publisher\" content=\"https:\/\/www.facebook.com\/starforlifeofficial\" \/>\n<meta property=\"article:modified_time\" content=\"2025-06-09T07:43:13+00:00\" \/>\n<meta property=\"og:image\" content=\"https:\/\/starforlife.org\/wp-content\/uploads\/2023\/08\/kufezekile.webp\" \/>\n\t<meta property=\"og:image:width\" content=\"1920\" \/>\n\t<meta property=\"og:image:height\" content=\"1440\" \/>\n\t<meta property=\"og:image:type\" content=\"image\/webp\" \/>\n<meta name=\"twitter:card\" content=\"summary_large_image\" \/>\n<meta name=\"twitter:label1\" content=\"Ber\u00e4knad l\u00e4stid\" \/>\n\t<meta name=\"twitter:data1\" content=\"4 minuter\" \/>\n<script type=\"application\/ld+json\" class=\"yoast-schema-graph\">{\"@context\":\"https:\\\/\\\/schema.org\",\"@graph\":[{\"@type\":\"WebPage\",\"@id\":\"https:\\\/\\\/starforlife.org\\\/sfl-international-staff\\\/\",\"url\":\"https:\\\/\\\/starforlife.org\\\/sfl-international-staff\\\/\",\"name\":\"Vi som jobbar i SFL International | Star for Life\",\"isPartOf\":{\"@id\":\"https:\\\/\\\/starforlife.org\\\/#website\"},\"datePublished\":\"2025-03-14T12:59:12+00:00\",\"dateModified\":\"2025-06-09T07:43:13+00:00\",\"inLanguage\":\"sv-SE\",\"potentialAction\":[{\"@type\":\"ReadAction\",\"target\":[\"https:\\\/\\\/starforlife.org\\\/sfl-international-staff\\\/\"]}]},{\"@type\":\"WebSite\",\"@id\":\"https:\\\/\\\/starforlife.org\\\/#website\",\"url\":\"https:\\\/\\\/starforlife.org\\\/\",\"name\":\"Star for Life\",\"description\":\"Empowering young people\",\"publisher\":{\"@id\":\"https:\\\/\\\/starforlife.org\\\/#organization\"},\"alternateName\":\"SFL\",\"potentialAction\":[{\"@type\":\"SearchAction\",\"target\":{\"@type\":\"EntryPoint\",\"urlTemplate\":\"https:\\\/\\\/starforlife.org\\\/?s={search_term_string}\"},\"query-input\":{\"@type\":\"PropertyValueSpecification\",\"valueRequired\":true,\"valueName\":\"search_term_string\"}}],\"inLanguage\":\"sv-SE\"},{\"@type\":\"Organization\",\"@id\":\"https:\\\/\\\/starforlife.org\\\/#organization\",\"name\":\"Star for life\",\"url\":\"https:\\\/\\\/starforlife.org\\\/\",\"logo\":{\"@type\":\"ImageObject\",\"inLanguage\":\"sv-SE\",\"@id\":\"https:\\\/\\\/starforlife.org\\\/#\\\/schema\\\/logo\\\/image\\\/\",\"url\":\"https:\\\/\\\/starforlife.org\\\/wp-content\\\/uploads\\\/2024\\\/02\\\/logga.svg\",\"contentUrl\":\"https:\\\/\\\/starforlife.org\\\/wp-content\\\/uploads\\\/2024\\\/02\\\/logga.svg\",\"width\":\"1024\",\"height\":\"1024\",\"caption\":\"Star for life\"},\"image\":{\"@id\":\"https:\\\/\\\/starforlife.org\\\/#\\\/schema\\\/logo\\\/image\\\/\"},\"sameAs\":[\"https:\\\/\\\/www.facebook.com\\\/starforlifeofficial\",\"https:\\\/\\\/www.linkedin.com\\\/company\\\/7063029\\\/\"]}]}<\/script>\n<!-- \/ Yoast SEO plugin. -->","yoast_head_json":{"title":"Vi som jobbar i SFL International | Star for Life","robots":{"index":"index","follow":"follow","max-snippet":"max-snippet:-1","max-image-preview":"max-image-preview:large","max-video-preview":"max-video-preview:-1"},"canonical":"https:\/\/starforlife.org\/sfl-international-staff\/","og_locale":"sv_SE","og_type":"article","og_title":"Vi som jobbar i SFL International | Star for Life","og_description":"SFL InternationalSFL International \u00e4r en ideell f\u00f6rening och paraplyorganisation med samordnings- och ledningsansvar f\u00f6r verksamheten i Star for Lifes olika l\u00e4nder. Verksamheten leds av generalsekreteraren med st\u00f6d av denna ledningsgrupp.Vasagatan 7, 6 tr, 111 20 Stockholm info@starforlife.seDan Olofsson Founder and ChairmanGrunden f\u00f6r Star for Life lades n\u00e4r Dan och Christin startade Thanda Safari i sydafrikanska [&hellip;]","og_site_name":"Star for Life","article_publisher":"https:\/\/www.facebook.com\/starforlifeofficial","article_modified_time":"2025-06-09T07:43:13+00:00","og_image":[{"width":1920,"height":1440,"url":"https:\/\/starforlife.org\/wp-content\/uploads\/2023\/08\/kufezekile.webp","type":"image\/webp"}],"twitter_card":"summary_large_image","twitter_misc":{"Ber\u00e4knad l\u00e4stid":"4 minuter"},"schema":{"@context":"https:\/\/schema.org","@graph":[{"@type":"WebPage","@id":"https:\/\/starforlife.org\/sfl-international-staff\/","url":"https:\/\/starforlife.org\/sfl-international-staff\/","name":"Vi som jobbar i SFL International | Star for Life","isPartOf":{"@id":"https:\/\/starforlife.org\/#website"},"datePublished":"2025-03-14T12:59:12+00:00","dateModified":"2025-06-09T07:43:13+00:00","inLanguage":"sv-SE","potentialAction":[{"@type":"ReadAction","target":["https:\/\/starforlife.org\/sfl-international-staff\/"]}]},{"@type":"WebSite","@id":"https:\/\/starforlife.org\/#website","url":"https:\/\/starforlife.org\/","name":"Star for Life","description":"Empowering young people","publisher":{"@id":"https:\/\/starforlife.org\/#organization"},"alternateName":"SFL","potentialAction":[{"@type":"SearchAction","target":{"@type":"EntryPoint","urlTemplate":"https:\/\/starforlife.org\/?s={search_term_string}"},"query-input":{"@type":"PropertyValueSpecification","valueRequired":true,"valueName":"search_term_string"}}],"inLanguage":"sv-SE"},{"@type":"Organization","@id":"https:\/\/starforlife.org\/#organization","name":"Star for life","url":"https:\/\/starforlife.org\/","logo":{"@type":"ImageObject","inLanguage":"sv-SE","@id":"https:\/\/starforlife.org\/#\/schema\/logo\/image\/","url":"https:\/\/starforlife.org\/wp-content\/uploads\/2024\/02\/logga.svg","contentUrl":"https:\/\/starforlife.org\/wp-content\/uploads\/2024\/02\/logga.svg","width":"1024","height":"1024","caption":"Star for life"},"image":{"@id":"https:\/\/starforlife.org\/#\/schema\/logo\/image\/"},"sameAs":["https:\/\/www.facebook.com\/starforlifeofficial","https:\/\/www.linkedin.com\/company\/7063029\/"]}]}},"_links":{"self":[{"href":"https:\/\/starforlife.org\/sv\/wp-json\/wp\/v2\/pages\/40081","targetHints":{"allow":["GET"]}}],"collection":[{"href":"https:\/\/starforlife.org\/sv\/wp-json\/wp\/v2\/pages"}],"about":[{"href":"https:\/\/starforlife.org\/sv\/wp-json\/wp\/v2\/types\/page"}],"author":[{"embeddable":true,"href":"https:\/\/starforlife.org\/sv\/wp-json\/wp\/v2\/users\/1"}],"replies":[{"embeddable":true,"href":"https:\/\/starforlife.org\/sv\/wp-json\/wp\/v2\/comments?post=40081"}],"version-history":[{"count":11,"href":"https:\/\/starforlife.org\/sv\/wp-json\/wp\/v2\/pages\/40081\/revisions"}],"predecessor-version":[{"id":41048,"href":"https:\/\/starforlife.org\/sv\/wp-json\/wp\/v2\/pages\/40081\/revisions\/41048"}],"wp:attachment":[{"href":"https:\/\/starforlife.org\/sv\/wp-json\/wp\/v2\/media?parent=40081"}],"curies":[{"name":"wp","href":"https:\/\/api.w.org\/{rel}","templated":true}]}}