{"id":31970,"date":"2023-08-27T20:11:53","date_gmt":"2023-08-27T19:11:53","guid":{"rendered":"https:\/\/starforlife.org\/?page_id=31970"},"modified":"2025-10-07T10:10:40","modified_gmt":"2025-10-07T09:10:40","slug":"musik-kultur","status":"publish","type":"page","link":"https:\/\/starforlife.org\/sv\/musik-kultur\/","title":{"rendered":"Musik och kultur"},"content":{"rendered":"<p>[et_pb_section fb_built=&#8221;1&#8243; custom_padding_last_edited=&#8221;on|tablet&#8221; _builder_version=&#8221;4.27.4&#8243; _module_preset=&#8221;default&#8221; background_video_mp4=&#8221;https:\/\/starforlife.org\/wp-content\/uploads\/2023\/11\/Star-for-Life-in-Concert.mov&#8221; background_video_webm=&#8221;https:\/\/starforlife.org\/wp-content\/uploads\/2023\/12\/Star-for-Life-in-Concert.webm&#8221; background_video_pause_outside_viewport=&#8221;off&#8221; custom_padding=&#8221;190px||210px||false|false&#8221; custom_padding_tablet=&#8221;75px||100px||false|false&#8221; custom_padding_phone=&#8221;75px||100px||false|false&#8221; global_colors_info=&#8221;{}&#8221;][et_pb_row _builder_version=&#8221;4.23.1&#8243; _module_preset=&#8221;default&#8221; global_colors_info=&#8221;{}&#8221;][et_pb_column type=&#8221;4_4&#8243; _builder_version=&#8221;4.23.1&#8243; _module_preset=&#8221;default&#8221; global_colors_info=&#8221;{}&#8221;][et_pb_image src=&#8221;https:\/\/starforlife.org\/wp-content\/uploads\/2023\/11\/sfl_white_star_2023-.svg&#8221; title_text=&#8221;sfl_white_star_2023&#8243; _builder_version=&#8221;4.23.4&#8243; _module_preset=&#8221;default&#8221; width=&#8221;15%&#8221; width_tablet=&#8221;23%&#8221; width_phone=&#8221;27%&#8221; width_last_edited=&#8221;on|tablet&#8221; module_alignment=&#8221;center&#8221; custom_margin=&#8221;||10px||false|false&#8221; global_colors_info=&#8221;{}&#8221;][\/et_pb_image][et_pb_text _builder_version=&#8221;4.27.4&#8243; _module_preset=&#8221;default&#8221; header_text_align=&#8221;center&#8221; header_text_color=&#8221;#FFFFFF&#8221; header_2_text_align=&#8221;center&#8221; header_2_text_color=&#8221;#ffffff&#8221; header_2_font_size=&#8221;22px&#8221; width=&#8221;69%&#8221; module_alignment=&#8221;center&#8221; hover_enabled=&#8221;0&#8243; header_font_size_tablet=&#8221;30px&#8221; header_font_size_phone=&#8221;25px&#8221; header_font_size_last_edited=&#8221;on|phone&#8221; header_text_shadow_style=&#8221;preset3&#8243; header_2_text_shadow_style=&#8221;preset3&#8243; global_colors_info=&#8221;{}&#8221; width_last_edited=&#8221;on|phone&#8221; sticky_enabled=&#8221;0&#8243; width_phone=&#8221;90%&#8221; width_tablet=&#8221;69%&#8221;]<\/p>\n<h1>Star for Life in Concert<\/h1>\n<h2>V\u00e4lkomna till Star for Life in Concert 7 oktober i Bor\u00e5s (med Erik Segerstedt och Saga Ludvigsson, Dias) och 9 oktober i Varberg (med Saga Ludvigsson och The Moniker).<\/h2>\n<p>[\/et_pb_text][et_pb_button button_url=&#8221;https:\/\/www.ticketmaster.se\/artist\/star-for-life-biljetter\/1008523&#8243; button_text=&#8221;K\u00f6p biljetter h\u00e4r&#8221; button_alignment=&#8221;center&#8221; _builder_version=&#8221;4.27.4&#8243; _module_preset=&#8221;default&#8221; custom_button=&#8221;on&#8221; button_text_color=&#8221;#FFFFFF&#8221; button_bg_color=&#8221;#47AC3D&#8221; button_font=&#8221;||||||||&#8221; button_icon=&#8221;&#xf061;||fa||900&#8243; button_icon_color=&#8221;#FFFFFF&#8221; button_on_hover=&#8221;off&#8221; locked=&#8221;off&#8221; global_colors_info=&#8221;{}&#8221; button_bg_color__hover=&#8221;#344028&#8243; button_bg_color__hover_enabled=&#8221;on|hover&#8221;][\/et_pb_button][\/et_pb_column][\/et_pb_row][\/et_pb_section][et_pb_section fb_built=&#8221;1&#8243; custom_padding_last_edited=&#8221;on|phone&#8221; _builder_version=&#8221;4.22.0&#8243; _module_preset=&#8221;default&#8221; background_color=&#8221;rgba(0,0,0,0.83)&#8221; custom_padding_tablet=&#8221;&#8221; custom_padding_phone=&#8221;||0px||false|false&#8221; global_colors_info=&#8221;{}&#8221;][et_pb_row column_structure=&#8221;1_2,1_2&#8243; use_custom_gutter=&#8221;on&#8221; make_equal=&#8221;on&#8221; custom_padding_last_edited=&#8221;on|desktop&#8221; _builder_version=&#8221;4.23.4&#8243; _module_preset=&#8221;default&#8221; width=&#8221;90%&#8221; max_width=&#8221;1280px&#8221; custom_margin=&#8221;||||false|false&#8221; custom_padding=&#8221;||40px||false|false&#8221; custom_padding_tablet=&#8221;0px||0px||false|false&#8221; custom_padding_phone=&#8221;0px||80px||false|false&#8221; global_colors_info=&#8221;{}&#8221;][et_pb_column type=&#8221;1_2&#8243; _builder_version=&#8221;4.23.4&#8243; _module_preset=&#8221;default&#8221; custom_padding_tablet=&#8221;&#8221; custom_padding_phone=&#8221;0px||||false|false&#8221; custom_padding_last_edited=&#8221;on|phone&#8221; global_colors_info=&#8221;{}&#8221;][et_pb_text _builder_version=&#8221;4.23.4&#8243; _module_preset=&#8221;default&#8221; text_text_color=&#8221;#FFFFFF&#8221; text_font_size=&#8221;16px&#8221; text_line_height=&#8221;1.6em&#8221; link_font=&#8221;||||on|||#47AC3D|&#8221; link_text_color=&#8221;#47AC3D&#8221; header_2_text_color=&#8221;#FFFFFF&#8221; header_2_font_size=&#8221;28px&#8221; width=&#8221;96%&#8221; custom_margin_tablet=&#8221;||||false|false&#8221; custom_margin_phone=&#8221;0px||||false|false&#8221; custom_margin_last_edited=&#8221;on|tablet&#8221; custom_padding_tablet=&#8221;||20px||false|false&#8221; custom_padding_phone=&#8221;0px||20px||false|false&#8221; custom_padding_last_edited=&#8221;on|tablet&#8221; header_2_font_size_phone=&#8221;25px&#8221; header_2_font_size_last_edited=&#8221;off|phone&#8221; global_colors_info=&#8221;{}&#8221;]<\/p>\n<h2>Star for Life in Concert<br \/>\u2013 mer \u00e4n en konsert<\/h2>\n<p>Oavsett om man befinner sig i storst\u00e4dernas &#8221;busking corners&#8221; eller i glesbygdsskolornas klassrum \u00e4r musiken st\u00e4ndigt n\u00e4rvarande i Sydafrika. Som en p\u00e5minnelse om kampen mot apartheid, som en nationalhymn f\u00f6r denna spirande regnb\u00e5gsnation och som en viktig kraftk\u00e4lla i vardagen. D\u00e4rf\u00f6r har musiken allt sedan Star for Life grundades i just Sydafrika haft en central roll i v\u00e5rt arbete.<\/p>\n<p>Under ledning av Ken Wennerholm och G\u00f6ran Rudbo fr\u00e5n Triple &amp; Touch har Star for Life in Concert f\u00f6rt samman svenska skolungdomar som f\u00e5tt sjunga med sydafrikanska Star Choir, artisterna Ntombie och Phakamani samt n\u00e5gra av Sveriges mest folk\u00e4ra artister s\u00e5som Cazzi Opeia, M\u00e5ns Zelmerl\u00f6w, Sonja Ald\u00e9n, Dregen och John Lundvik. Resultatet har varit uts\u00e5lda konsertlokaler och musikgl\u00e4dje i st\u00e4der, k\u00f6pingar och sm\u00e5orter runt om i hela Sverige. S\u00e5 \u00f6kar vi kunskapen och f\u00f6r m\u00e4nniskor n\u00e4rmre varandra. Men detta \u00e4r bara m\u00f6jligt genom n\u00e4ra samarbete mellan Star for Life, lokalt n\u00e4ringsliv, idrottsf\u00f6reningar och skolor.<\/p>\n<p>Vill du ocks\u00e5 vara med om att arrangera Star for Life in Concert i din kommun? Kontakta g\u00e4rna Lois <a href=\"mailto:lois@starforlife.se\">lois@starforlife.se<\/a>\u00a0f\u00f6r mer information.<\/p>\n<p>[\/et_pb_text][et_pb_button button_url=&#8221;https:\/\/starforlife.org\/sv\/ge-gava\/&#8221; button_text=&#8221;Donera till Star for Life Arts&#8221; button_alignment=&#8221;left&#8221; _builder_version=&#8221;4.24.0&#8243; _module_preset=&#8221;default&#8221; custom_button=&#8221;on&#8221; button_text_color=&#8221;#FFFFFF&#8221; button_bg_color=&#8221;#47AC3D&#8221; button_font=&#8221;||||||||&#8221; button_icon=&#8221;&#xf061;||fa||900&#8243; button_icon_color=&#8221;#FFFFFF&#8221; button_on_hover=&#8221;off&#8221; locked=&#8221;off&#8221; global_colors_info=&#8221;{}&#8221; button_bg_color__hover=&#8221;#344028&#8243; button_bg_color__hover_enabled=&#8221;on|hover&#8221;][\/et_pb_button][\/et_pb_column][et_pb_column type=&#8221;1_2&#8243; _builder_version=&#8221;4.22.0&#8243; _module_preset=&#8221;default&#8221; global_colors_info=&#8221;{}&#8221;][et_pb_image src=&#8221;https:\/\/starforlife.org\/wp-content\/uploads\/2025\/08\/Star-for-Life-Boras-scaled.jpg&#8221; title_text=&#8221;Star for Life Bor\u00e5s&#8221; _builder_version=&#8221;4.27.4&#8243; _module_preset=&#8221;default&#8221; global_colors_info=&#8221;{}&#8221;][\/et_pb_image][et_pb_image src=&#8221;https:\/\/starforlife.org\/wp-content\/uploads\/2025\/08\/Star-for-Life-Varberg-scaled.jpg&#8221; title_text=&#8221;Star for Life Varberg&#8221; _builder_version=&#8221;4.27.4&#8243; _module_preset=&#8221;default&#8221; global_colors_info=&#8221;{}&#8221;][\/et_pb_image][et_pb_code _builder_version=&#8221;4.23.4&#8243; _module_preset=&#8221;default&#8221; global_colors_info=&#8221;{}&#8221;]<iframe loading=\"lazy\" src=\"https:\/\/open.spotify.com\/embed\/album\/4GljyjDM4UzZteS8zLEnDl?theme=0\" width=\"100%\" height=\"700\" frameBorder=\"0\" allowfullscreen=\"\" allow=\"autoplay; clipboard-write; encrypted-media; fullscreen; picture-in-picture\"><\/iframe>[\/et_pb_code][\/et_pb_column][\/et_pb_row][\/et_pb_section]<\/p>\n","protected":false},"excerpt":{"rendered":"<p>Star for Life in Concert V\u00e4lkomna till Star for Life in Concert 7 oktober i Bor\u00e5s (med Erik Segerstedt och Saga Ludvigsson, Dias) och 9 oktober i Varberg (med Saga Ludvigsson och The Moniker).Star for Life in Concert\u2013 mer \u00e4n en konsert Oavsett om man befinner sig i storst\u00e4dernas &#8221;busking corners&#8221; eller i glesbygdsskolornas klassrum [&hellip;]<\/p>\n","protected":false},"author":1,"featured_media":0,"parent":0,"menu_order":0,"comment_status":"closed","ping_status":"closed","template":"","meta":{"_acf_changed":false,"_et_pb_use_builder":"on","_et_pb_old_content":"","_et_gb_content_width":"","inline_featured_image":false,"footnotes":""},"class_list":["post-31970","page","type-page","status-publish","hentry"],"acf":[],"yoast_head":"<!-- This site is optimized with the Yoast SEO plugin v27.5 - https:\/\/yoast.com\/product\/yoast-seo-wordpress\/ -->\n<title>Musik och kultur | Star for Life<\/title>\n<meta name=\"robots\" content=\"index, follow, max-snippet:-1, max-image-preview:large, max-video-preview:-1\" \/>\n<link rel=\"canonical\" href=\"https:\/\/starforlife.org\/music-and-culture\/\" \/>\n<meta property=\"og:locale\" content=\"sv_SE\" \/>\n<meta property=\"og:type\" content=\"article\" \/>\n<meta property=\"og:title\" content=\"Musik och kultur | Star for Life\" \/>\n<meta property=\"og:description\" content=\"Star for Life in Concert V\u00e4lkomna till Star for Life in Concert 7 oktober i Bor\u00e5s (med Erik Segerstedt och Saga Ludvigsson, Dias) och 9 oktober i Varberg (med Saga Ludvigsson och The Moniker).Star for Life in Concert\u2013 mer \u00e4n en konsert Oavsett om man befinner sig i storst\u00e4dernas &quot;busking corners&quot; eller i glesbygdsskolornas klassrum [&hellip;]\" \/>\n<meta property=\"og:site_name\" content=\"Star for Life\" \/>\n<meta property=\"article:publisher\" content=\"https:\/\/www.facebook.com\/starforlifeofficial\" \/>\n<meta property=\"article:modified_time\" content=\"2025-10-07T09:10:40+00:00\" \/>\n<meta property=\"og:image\" content=\"https:\/\/starforlife.org\/wp-content\/uploads\/2023\/08\/kufezekile.webp\" \/>\n\t<meta property=\"og:image:width\" content=\"1920\" \/>\n\t<meta property=\"og:image:height\" content=\"1440\" \/>\n\t<meta property=\"og:image:type\" content=\"image\/webp\" \/>\n<meta name=\"twitter:card\" content=\"summary_large_image\" \/>\n<meta name=\"twitter:label1\" content=\"Ber\u00e4knad l\u00e4stid\" \/>\n\t<meta name=\"twitter:data1\" content=\"2 minuter\" \/>\n<script type=\"application\/ld+json\" class=\"yoast-schema-graph\">{\"@context\":\"https:\\\/\\\/schema.org\",\"@graph\":[{\"@type\":\"WebPage\",\"@id\":\"https:\\\/\\\/starforlife.org\\\/music-and-culture\\\/\",\"url\":\"https:\\\/\\\/starforlife.org\\\/music-and-culture\\\/\",\"name\":\"Musik och kultur | Star for Life\",\"isPartOf\":{\"@id\":\"https:\\\/\\\/starforlife.org\\\/#website\"},\"datePublished\":\"2023-08-27T19:11:53+00:00\",\"dateModified\":\"2025-10-07T09:10:40+00:00\",\"inLanguage\":\"sv-SE\",\"potentialAction\":[{\"@type\":\"ReadAction\",\"target\":[\"https:\\\/\\\/starforlife.org\\\/music-and-culture\\\/\"]}]},{\"@type\":\"WebSite\",\"@id\":\"https:\\\/\\\/starforlife.org\\\/#website\",\"url\":\"https:\\\/\\\/starforlife.org\\\/\",\"name\":\"Star for Life\",\"description\":\"Empowering young people\",\"publisher\":{\"@id\":\"https:\\\/\\\/starforlife.org\\\/#organization\"},\"alternateName\":\"SFL\",\"potentialAction\":[{\"@type\":\"SearchAction\",\"target\":{\"@type\":\"EntryPoint\",\"urlTemplate\":\"https:\\\/\\\/starforlife.org\\\/?s={search_term_string}\"},\"query-input\":{\"@type\":\"PropertyValueSpecification\",\"valueRequired\":true,\"valueName\":\"search_term_string\"}}],\"inLanguage\":\"sv-SE\"},{\"@type\":\"Organization\",\"@id\":\"https:\\\/\\\/starforlife.org\\\/#organization\",\"name\":\"Star for life\",\"url\":\"https:\\\/\\\/starforlife.org\\\/\",\"logo\":{\"@type\":\"ImageObject\",\"inLanguage\":\"sv-SE\",\"@id\":\"https:\\\/\\\/starforlife.org\\\/#\\\/schema\\\/logo\\\/image\\\/\",\"url\":\"https:\\\/\\\/starforlife.org\\\/wp-content\\\/uploads\\\/2024\\\/02\\\/logga.svg\",\"contentUrl\":\"https:\\\/\\\/starforlife.org\\\/wp-content\\\/uploads\\\/2024\\\/02\\\/logga.svg\",\"width\":\"1024\",\"height\":\"1024\",\"caption\":\"Star for life\"},\"image\":{\"@id\":\"https:\\\/\\\/starforlife.org\\\/#\\\/schema\\\/logo\\\/image\\\/\"},\"sameAs\":[\"https:\\\/\\\/www.facebook.com\\\/starforlifeofficial\",\"https:\\\/\\\/www.linkedin.com\\\/company\\\/7063029\\\/\"]}]}<\/script>\n<!-- \/ Yoast SEO plugin. -->","yoast_head_json":{"title":"Musik och kultur | Star for Life","robots":{"index":"index","follow":"follow","max-snippet":"max-snippet:-1","max-image-preview":"max-image-preview:large","max-video-preview":"max-video-preview:-1"},"canonical":"https:\/\/starforlife.org\/music-and-culture\/","og_locale":"sv_SE","og_type":"article","og_title":"Musik och kultur | Star for Life","og_description":"Star for Life in Concert V\u00e4lkomna till Star for Life in Concert 7 oktober i Bor\u00e5s (med Erik Segerstedt och Saga Ludvigsson, Dias) och 9 oktober i Varberg (med Saga Ludvigsson och The Moniker).Star for Life in Concert\u2013 mer \u00e4n en konsert Oavsett om man befinner sig i storst\u00e4dernas \"busking corners\" eller i glesbygdsskolornas klassrum [&hellip;]","og_site_name":"Star for Life","article_publisher":"https:\/\/www.facebook.com\/starforlifeofficial","article_modified_time":"2025-10-07T09:10:40+00:00","og_image":[{"width":1920,"height":1440,"url":"https:\/\/starforlife.org\/wp-content\/uploads\/2023\/08\/kufezekile.webp","type":"image\/webp"}],"twitter_card":"summary_large_image","twitter_misc":{"Ber\u00e4knad l\u00e4stid":"2 minuter"},"schema":{"@context":"https:\/\/schema.org","@graph":[{"@type":"WebPage","@id":"https:\/\/starforlife.org\/music-and-culture\/","url":"https:\/\/starforlife.org\/music-and-culture\/","name":"Musik och kultur | Star for Life","isPartOf":{"@id":"https:\/\/starforlife.org\/#website"},"datePublished":"2023-08-27T19:11:53+00:00","dateModified":"2025-10-07T09:10:40+00:00","inLanguage":"sv-SE","potentialAction":[{"@type":"ReadAction","target":["https:\/\/starforlife.org\/music-and-culture\/"]}]},{"@type":"WebSite","@id":"https:\/\/starforlife.org\/#website","url":"https:\/\/starforlife.org\/","name":"Star for Life","description":"Empowering young people","publisher":{"@id":"https:\/\/starforlife.org\/#organization"},"alternateName":"SFL","potentialAction":[{"@type":"SearchAction","target":{"@type":"EntryPoint","urlTemplate":"https:\/\/starforlife.org\/?s={search_term_string}"},"query-input":{"@type":"PropertyValueSpecification","valueRequired":true,"valueName":"search_term_string"}}],"inLanguage":"sv-SE"},{"@type":"Organization","@id":"https:\/\/starforlife.org\/#organization","name":"Star for life","url":"https:\/\/starforlife.org\/","logo":{"@type":"ImageObject","inLanguage":"sv-SE","@id":"https:\/\/starforlife.org\/#\/schema\/logo\/image\/","url":"https:\/\/starforlife.org\/wp-content\/uploads\/2024\/02\/logga.svg","contentUrl":"https:\/\/starforlife.org\/wp-content\/uploads\/2024\/02\/logga.svg","width":"1024","height":"1024","caption":"Star for life"},"image":{"@id":"https:\/\/starforlife.org\/#\/schema\/logo\/image\/"},"sameAs":["https:\/\/www.facebook.com\/starforlifeofficial","https:\/\/www.linkedin.com\/company\/7063029\/"]}]}},"_links":{"self":[{"href":"https:\/\/starforlife.org\/sv\/wp-json\/wp\/v2\/pages\/31970","targetHints":{"allow":["GET"]}}],"collection":[{"href":"https:\/\/starforlife.org\/sv\/wp-json\/wp\/v2\/pages"}],"about":[{"href":"https:\/\/starforlife.org\/sv\/wp-json\/wp\/v2\/types\/page"}],"author":[{"embeddable":true,"href":"https:\/\/starforlife.org\/sv\/wp-json\/wp\/v2\/users\/1"}],"replies":[{"embeddable":true,"href":"https:\/\/starforlife.org\/sv\/wp-json\/wp\/v2\/comments?post=31970"}],"version-history":[{"count":34,"href":"https:\/\/starforlife.org\/sv\/wp-json\/wp\/v2\/pages\/31970\/revisions"}],"predecessor-version":[{"id":41285,"href":"https:\/\/starforlife.org\/sv\/wp-json\/wp\/v2\/pages\/31970\/revisions\/41285"}],"wp:attachment":[{"href":"https:\/\/starforlife.org\/sv\/wp-json\/wp\/v2\/media?parent=31970"}],"curies":[{"name":"wp","href":"https:\/\/api.w.org\/{rel}","templated":true}]}}